{"id":2506,"date":"2017-08-10T13:12:56","date_gmt":"2017-08-10T12:12:56","guid":{"rendered":"http:\/\/www.coteauxdublanzacais.fr\/?page_id=2506"},"modified":"2017-08-10T13:12:56","modified_gmt":"2017-08-10T12:12:56","slug":"mes-demarches-administratives","status":"publish","type":"page","link":"https:\/\/www.coteauxdublanzacais.fr\/?page_id=2506","title":{"rendered":"Mes d\u00e9marches administratives"},"content":{"rendered":"<h1 style=\"text-align: center;\"><span style=\"text-decoration: underline;\"><span style=\"color: #0000ff; font-size: x-large; text-decoration: underline;\">Mes d\u00e9marches administratives<\/span><\/span><\/h1>\n<p><span style=\"font-size: small;\">&nbsp;<\/span><img decoding=\"async\" style=\"display: block; margin-left: auto; margin-right: auto;\" title=\"MairieBlanzac.jpg\" src=\"upload\/images\/votreMairie\/MairieBlanzac.jpg\" alt=\"\" width=\"250\"><\/p>\n<p style=\"text-align: center;\"><span style=\"font-size: small;\">&nbsp;Pour toutes vos d\u00e9marches administratives, vous pouvez venir \u00e0 au secr\u00e9tariat de la Mairie, <\/span><\/p>\n<p style=\"text-align: center;\"><span style=\"font-size: small;\"><strong>du lundi au vendredi de 8h30 \u00e0 12h30 et de 13h30 \u00e0 17h30.<\/strong><br \/>\n<\/span><\/p>\n<p style=\"text-align: center;\"><span style=\"font-size: small;\">Une permanence des \u00e9lus est organis\u00e9e tous les 1er samedi de chaque mois.<br \/>\n<\/span><\/p>\n<p style=\"text-align: center;\"><strong><span style=\"font-size: small;\">La ville de Blanzac-Porcheresse vous propose d&rsquo;utiliser le formulaire de contact de ce site pour effectuer certaines d\u00e9marches.<\/span><\/strong><\/p>\n<p align=\"center\"><span style=\"font-size: large; color: #0000ff;\"><strong>&nbsp;<\/strong><\/span><\/p>\n<p align=\"center\"><span style=\"font-size: large; color: #0000ff;\"><strong><span style=\"font-size: large; color: #0000ff;\"><strong>Passeport biom\u00e9trique et<\/strong><\/span> Carte Nationale d&rsquo;Identit\u00e9<\/strong><\/span><\/p>\n<p><span style=\"font-size: small;\">Pour ces d\u00e9marches, vous devez vous d\u00e9placer dans les mairies habilit\u00e9es \u00e0 effectuer les passeports, soit&nbsp; Barbezieux Saint Hilaire, Ch\u00e2teauneuf sur Charente, La Couronne , Mouthiers sur Boeme, Angoul\u00eame etc..<\/span><\/p>\n<p align=\"center\">&nbsp;<\/p>\n<p><span style=\"font-size: small;\">V<strong>oici&nbsp; les pi\u00e8ces \u00e0 fournir, toutefois nous vous conseillons de contacter leur service au pr\u00e9alable :<\/strong><\/span><\/p>\n<p align=\"center\"><strong><span style=\"font-size: large; color: #0000ff;\">&nbsp;<\/span><\/strong><\/p>\n<p align=\"center\"><span style=\"font-size: large; color: #0000ff;\"><strong>Carte Nationale d&rsquo;Identit\u00e9<\/strong><\/span><\/p>\n<p><span style=\"font-size: small;\">La carte d&rsquo;identit\u00e9 est gratuite si c&rsquo;est une premi\u00e8re demande <strong>ou<\/strong> un renouvellement \u00e0 condition d\u2019\u00eatre en possession de votre ancienne carte d&rsquo;identit\u00e9.<\/span><\/p>\n<p><span style=\"font-size: small;\"><strong>Le formulaire de demande de carte d&rsquo;identit\u00e9 (cerfa n\u00b012101*02 ou 12100*02) vous est remis au guichet. C&rsquo;est un formulaire cartonn\u00e9 qui ne peut pas \u00eatre t\u00e9l\u00e9charg\u00e9. Vous devez remplir ce formulaire avec un stylo noir et fournir les pi\u00e8ces suivantes:<\/strong><\/span><\/p>\n<p>&nbsp;<span style=\"font-size: small;\"><strong> Pour une premi\u00e8re demande<\/strong><\/span><\/p>\n<p>&nbsp;<\/p>\n<ul>\n<li><span style=\"font-size: small;\">extrait d\u2019acte de naissance de &#8211; 3 mois<\/span><\/li>\n<li><span style=\"font-size: small;\">justificatif de domicile r\u00e9cent de &#8211; 3 mois (facture EDF, SAUR ou t\u00e9l\u00e9phone, feuille d\u2019imposition. Le RIB n\u2019est pas admis)<\/span><\/li>\n<li><span style=\"font-size: small;\">2 photos r\u00e9centes conformes aux normes r\u00e9glementaires<\/span><\/li>\n<li><span style=\"font-size: small;\">Copie carte d\u2019identit\u00e9 du parent demandeur pour une demande pour un enfant mineur<\/span><\/li>\n<\/ul>\n<p>&nbsp;<span style=\"font-size: small;\"> <strong>Pour un renouvellement<\/strong><\/span><\/p>\n<p>&nbsp;<\/p>\n<ul>\n<li><span style=\"font-size: small;\">ancienne CNI (si elle n\u2019est pas pr\u00e9sent\u00e9e, fournir un timbre fiscal de 25 \u20ac possibilit\u00e9 de l&rsquo;acheter en ligne sur <a href=\"https:\/\/timbres.impots.gouv.fr\/\" target=\"_blank\" rel=\"noopener\">timbres.impots.gouv.fr<\/a>)<\/span><\/li>\n<li><span style=\"font-size: small;\">extrait d\u2019acte de naissance (si changement d\u2019\u00e9tat civil ou CNI p\u00e9rim\u00e9e depuis plus de 2 ans ou premi\u00e8re demande)<\/span><\/li>\n<li><span style=\"font-size: small;\">justificatif de domicile de &#8211; 3 mois (facture EDF, SAUR ou t\u00e9l\u00e9phone, feuille d\u2019imposition. Le RIB n\u2019est pas admis)<\/span><\/li>\n<li><span style=\"font-size: small;\">2 photos r\u00e9centes conformes aux normes r\u00e9glementaires<\/span><\/li>\n<\/ul>\n<p>&nbsp;<span style=\"font-size: small;\"> <strong>Important<\/strong><\/span><\/p>\n<p>&nbsp;<\/p>\n<ul>\n<li><span style=\"font-size: small;\">si les parents sont&nbsp;s\u00e9par\u00e9s ou divorc\u00e9s, joindre une copie du jugement d\u00e9signant le parent qui exerce l\u2019autorit\u00e9 parentale<\/span><\/li>\n<li><span style=\"font-size: small;\">si les parents ne sont&nbsp;pas mari\u00e9s, joindre un acte de naissance mentionnant la reconnaissance par les 2&nbsp; parents avant l\u2019\u00e2ge d\u2019un an (dans le cas o\u00f9&nbsp; vous ne poss\u00e9dez pas de titre s\u00e9curis\u00e9) ou une d\u00e9claration conjointe d\u2019exercice de l\u2019autorit\u00e9 parentale, ou encore une d\u00e9cision de justice<\/span><\/li>\n<li><span style=\"font-size: small;\">si l&rsquo;enfant est en garde altern\u00e9e, les 2 parents devront fournir un justificatif de domicile de &#8211; 3 mois (facture EDF, SAUR ou t\u00e9l\u00e9phone, feuille d\u2019imposition. Le RIB n\u2019est pas admis)<\/span><\/li>\n<li><span style=\"font-size: small;\">si l\u2019enfant \u00e0 + de 13 ans, sa pr\u00e9sence est requise pour la prise d\u2019empreinte<\/span><\/li>\n<\/ul>\n<p>&nbsp;<\/p>\n<p><span style=\"font-size: small;\"><strong>Depuis le 1<sup>er<\/sup> janvier 2014<\/strong>, la validit\u00e9 de votre CNI est port\u00e9e par d\u00e9cret \u00e0 15 ans et non plus 10 ans, si :<\/span><\/p>\n<p>&nbsp;<\/p>\n<ul>\n<li><span style=\"font-size: small;\">votre CNI a \u00e9t\u00e9 d\u00e9livr\u00e9e entre le 2 janvier 2004 et le 31 d\u00e9cembre 2013<\/span><\/li>\n<li><span style=\"font-size: small;\">vous \u00e9tiez majeur \u00e0 l&rsquo;\u00e9dition de celle-ci<\/span><\/li>\n<\/ul>\n<p>&nbsp;<\/p>\n<p><span style=\"font-size: small;\"><strong>D\u00e9lais en pr\u00e9fecture&nbsp;&nbsp;&nbsp; <\/strong>1mois<\/span><\/p>\n<p align=\"center\">&nbsp;<span style=\"font-size: large; color: #0000ff;\"><strong>Passeport biom\u00e9trique<\/strong><\/span><\/p>\n<p>&nbsp;<\/p>\n<p>&nbsp;<span style=\"font-size: small;\"><strong>Pour une premi\u00e8re demande<\/strong><\/span><\/p>\n<p>&nbsp;<\/p>\n<ul>\n<li><span style=\"font-size: small;\">CNI en cours de validit\u00e9. Si elle est p\u00e9rim\u00e9e, fournir un&nbsp;<a href=\"http:\/\/vosdroits.service-public.fr\/F1427.xhtml\" target=\"_blank\" rel=\"noopener\">extrait de naissance<\/a><\/span><\/li>\n<li><span style=\"font-size: small;\">coordonn\u00e9es des parents (nom, pr\u00e9noms, date et lieu de naissance)<\/span><\/li>\n<li><span style=\"font-size: small;\">pr\u00e9ciser votre taille, la couleur de vos yeux<\/span><\/li>\n<li><span style=\"font-size: small;\">justificatif de domicile de &#8211; 3 mois (facture EDF, SAUR ou t\u00e9l\u00e9phone, feuille d\u2019imposition. Le RIB n\u2019est pas admis)<\/span><\/li>\n<li><span style=\"font-size: small;\">2 photos r\u00e9centes conformes aux normes r\u00e9glementaires<\/span><\/li>\n<li><span style=\"font-size: small;\">timbre fiscal (acheter en ligne sur <a href=\"https:\/\/timbres.impots.gouv.fr\/\" target=\"_blank\" rel=\"noopener\">timbres.impots.gouv.fr<\/a>) :&nbsp;<\/span><br \/>\n<span style=\"font-size: small;\"> &#8211; adulte&nbsp;: 86 \u20ac<\/span><br \/>\n<span style=\"font-size: small;\"> &#8211; mineur + de 15 ans&nbsp;: 42 \u20ac<\/span><br \/>\n<span style=\"font-size: small;\"> &#8211; mineur \u2013 de 15 ans&nbsp;: 17 \u20ac<\/span><br \/>\n<span style=\"font-size: small;\"> Pour les enfants mineurs, il faut la CNI du parent qui signe la demande.<\/span><\/li>\n<\/ul>\n<p>&nbsp;<span style=\"font-size: small;\"><strong>Pour un renouvellement<\/strong><\/span><\/p>\n<p>&nbsp;<\/p>\n<ul>\n<li><span style=\"font-size: small;\">ancien passeport, si il est p\u00e9rim\u00e9e, fournir un&nbsp;<a href=\"http:\/\/vosdroits.service-public.fr\/F1427.xhtml\" target=\"_blank\" rel=\"noopener\">extrait de naissance<\/a><\/span><\/li>\n<li><span style=\"font-size: small;\">CNI en cours de validit\u00e9<\/span><\/li>\n<li><span style=\"font-size: small;\">coordonn\u00e9es des parents (nom, pr\u00e9noms, date et lieu de naissance)<\/span><\/li>\n<li><span style=\"font-size: small;\">pr\u00e9ciser votre taille, la couleur de vos yeux<\/span><\/li>\n<li><span style=\"font-size: small;\">justificatif de domicile de &#8211; 3 mois (facture EDF, SAUR ou t\u00e9l\u00e9phone, feuille d\u2019imposition. Le RIB n\u2019est pas admis)<\/span><\/li>\n<li><span style=\"font-size: small;\">2 photos r\u00e9centes conformes aux normes r\u00e9glementaires<\/span><\/li>\n<li><span style=\"font-size: small;\">timbre fiscal (acheter en ligne sur <a href=\"https:\/\/timbres.impots.gouv.fr\/\" target=\"_blank\" rel=\"noopener\">timbres.impots.gouv.fr<\/a>) :<\/span><\/li>\n<\/ul>\n<p>&nbsp;<span style=\"font-size: small;\"> &#8211; adulte&nbsp;: 86 \u20ac<\/span><\/p>\n<p>&nbsp;<span style=\"font-size: small;\"> &#8211; mineur + de 15 ans&nbsp;: 42 \u20ac<\/span><\/p>\n<p>&nbsp;<span style=\"font-size: small;\"> &#8211; mineur \u2013 de 15 ans&nbsp;: 17 \u20ac<\/span><\/p>\n<p><span style=\"font-size: small;\">Toutefois, le renouvellement du passeport est effectu\u00e9 \u00e0 titre gratuit jusqu\u2019\u00e0 concurrence de leur validit\u00e9, dans les cas suivants&nbsp;:<\/span><\/p>\n<p>&nbsp;<\/p>\n<ul>\n<li><span style=\"font-size: small;\">modification d\u2019\u00e9tat civil<\/span><\/li>\n<li><span style=\"font-size: small;\">erreur imputable \u00e0 l\u2019administration<\/span><\/li>\n<li><span style=\"font-size: small;\">pages du passeport r\u00e9serv\u00e9es au visa, enti\u00e8rement utilis\u00e9es<\/span><\/li>\n<\/ul>\n<p><span style=\"font-size: small;\">En cas de perte ou de vol, joindre 25 \u20ac en timbres fiscaux.<\/span><\/p>\n<p>&nbsp;<span style=\"font-size: small;\"><strong>Important<\/strong><\/span><\/p>\n<p>&nbsp;<\/p>\n<ul>\n<li><span style=\"font-size: small;\">si les parents sont&nbsp;s\u00e9par\u00e9s ou divorc\u00e9s, joindre une copie du jugement d\u00e9signant le parent qui exerce l\u2019autorit\u00e9 parentale<\/span><\/li>\n<li><span style=\"font-size: small;\">si les parents ne sont&nbsp;pas mari\u00e9s, joindre un acte de naissance mentionnant la reconnaissance par les 2&nbsp; parents avant l\u2019\u00e2ge d\u2019un an (dans le cas o\u00f9&nbsp; vous ne poss\u00e9dez pas de titre s\u00e9curis\u00e9) ou une d\u00e9claration conjointe d\u2019exercice de l\u2019autorit\u00e9 parentale, ou encore une d\u00e9cision de justice<\/span><\/li>\n<li><span style=\"font-size: small;\">si l&rsquo;enfant est en garde altern\u00e9e, les 2 parents devront fournir un justificatif de domicile de &#8211; 3 mois (facture EDF, SAUR ou t\u00e9l\u00e9phone, feuille d\u2019imposition. Le RIB n\u2019est pas admis)<\/span><\/li>\n<li><span style=\"font-size: small;\">si l\u2019enfant \u00e0 + de 13 ans, sa pr\u00e9sence est requise pour la prise d\u2019empreinte<\/span><\/li>\n<\/ul>\n<p>&nbsp;<span style=\"font-size: small;\"><strong>D\u00e9lais en pr\u00e9fecture&nbsp;&nbsp; <\/strong>3 semaines<\/span><\/p>\n<p align=\"center\">&nbsp;<span style=\"font-size: large; color: #0000ff;\"><strong>Mariage<\/strong><\/span><\/p>\n<p><span style=\"font-size: small;\">Le mariage consiste en l&rsquo;engagement de deux personnes \u00e2g\u00e9es d&rsquo;au moins 16 ans, qui ont obtenu le consentement de leurs parents ou de leur tuteur si elles n&rsquo;ont pas 18 ans.<\/span><\/p>\n<p><strong><span style=\"font-size: small;\">Pour pr\u00e9parer un mariage<\/span><\/strong><\/p>\n<p><span style=\"font-size: small;\">Le mariage est c\u00e9l\u00e9br\u00e9 \u00e0 Blanzac-Porcheresse \u00e0 la condition que l&rsquo;un des deux futurs \u00e9poux y r\u00e9side. Ces derniers en font la demande \u00e0 la Mairie de Blanzac-Porcheresse.<\/span><\/p>\n<p><span style=\"font-size: small;\">Si aucun des futurs conjoints n\u2019est Blanzacais mais souhaitent n\u00e9anmoins \u00eatre unis sur cette commune, ils doivent en formuler la demande aupr\u00e8s du maire de Blanzac-Porcheresse qui saisira le Procureur de la R\u00e9publique pour accord.<\/span><\/p>\n<p><span style=\"font-size: small;\">Les futurs \u00e9poux doivent prendre contact avec le <strong>service de l\u2019\u00e9tat civil<\/strong>; ils s&rsquo;y pr\u00e9senteront tous les deux et arr\u00eateront la date et l\u2019heure de leur c\u00e9l\u00e9bration et lui remettront un dossier \u00e0 renseigner par leurs soins.&nbsp;<\/span><\/p>\n<p><span style=\"font-size: small;\">Attention \u00e0 la date du mariage; la constitution du dossier de mariage peut \u00eatre longue (r\u00e9cup\u00e9ration des actes de naissance, signature d&rsquo;un contrat de mariage&#8230;), Il est donc important d&rsquo;anticiper le plus possible vos d\u00e9marches et de d\u00e9poser votre dossier complet au moins 6 semaines avant la date souhait\u00e9e du mariage.<\/span><\/p>\n<p><span style=\"font-size: small;\">Le mariage est g\u00e9n\u00e9ralement c\u00e9l\u00e9br\u00e9 par M. le Maire mais il peut l\u2019\u00eatre par l\u2019un de ses adjoints. A l\u2019occasion, les futurs \u00e9poux peuvent, s\u2019ils souhaitent \u00eatre unis par un \u00e9lu de leur choix (par pr\u00e9f\u00e9rence ou filiation), en faire la demande par courrier aupr\u00e8s de la Mairie.<\/span><\/p>\n<p><strong><span style=\"font-size: small;\">Pi\u00e8ces \u00e0 fournir<\/span><\/strong><\/p>\n<ul>\n<li><span style=\"font-size: small;\">Le dossier complet concernant les futurs \u00e9poux (profession, adresse, date de naissance et identit\u00e9 du p\u00e8re et de la m\u00e8re du futur \u00e9poux&#8230;)<\/span><\/li>\n<li><span style=\"font-size: small;\">certificat de notaire si vous avez pr\u00e9vu d&rsquo;\u00e9tablir un contrat de mariage<\/span><\/li>\n<\/ul>\n<h4><span style=\"font-size: small;\">&nbsp;Pour chacun des futurs \u00e9poux<\/span><\/h4>\n<ul>\n<li><span style=\"font-size: small;\">l\u2019acte de naissance (copie int\u00e9grale) dat\u00e9s de moins de 3 mois au moment du d\u00e9p\u00f4t du dossier&nbsp;<\/span><\/li>\n<li><span style=\"font-size: small;\">un justificatif de domicile r\u00e9cent (avis d&rsquo;imposition sur le revenu, taxe d&rsquo;habitation, taxe fonci\u00e8re, loyer, facture)<\/span><\/li>\n<li><span style=\"font-size: small;\">une pi\u00e8ce d&rsquo;identit\u00e9 (carte nationale d&rsquo;identit\u00e9, passeport, carte de s\u00e9jour)<\/span><\/li>\n<\/ul>\n<h4><span style=\"font-size: small;\">Si vous \u00eates dans les situations suivantes<\/span><\/h4>\n<ul>\n<li><span style=\"font-size: small;\">si vous \u00eates veuf ou veuve, acte de d\u00e9c\u00e8s du conjoint pr\u00e9c\u00e9dent<\/span><\/li>\n<li><span style=\"font-size: small;\">si vous \u00eates divorc\u00e9(e) acte de mariage portant la mention de divorce<\/span><\/li>\n<li><span style=\"font-size: small;\">si vous avez un ou plusieurs enfants communs, acte(s) de naissance du ou des enfants communs pour la r\u00e9daction du livret de famille<\/span><\/li>\n<\/ul>\n<h4><span style=\"font-size: small;\">&nbsp;Pour les futurs \u00e9poux \u00e9trangers<\/span><\/h4>\n<ul>\n<li><span style=\"font-size: small;\">acte de naissance (copie int\u00e9grale ou extrait plurilingue) d\u00e9livr\u00e9 par les autorit\u00e9s du lieu de naissance dat\u00e9 de moins de 6 mois au moment du d\u00e9p\u00f4t du dossier<\/span><\/li>\n<li><span style=\"font-size: small;\">certificat de coutume d\u00e9livr\u00e9 par une autorit\u00e9 \u00e9trang\u00e8re (il s&rsquo;agit de l&rsquo;attestation d\u2019un juriste \u00e9tranger relative \u00e0 l\u2019existence, au contenu et \u00e0 l\u2019interpr\u00e9tation d\u2019une loi \u00e9trang\u00e8re)<\/span><\/li>\n<li><span style=\"font-size: small;\">certificat de c\u00e9libat (ou capacit\u00e9 matrimoniale) d\u00e9livr\u00e9 par une autorit\u00e9 \u00e9trang\u00e8re (le certificat de capacit\u00e9 matrimoniale est un document administratif qui certifie que le futur \u00e9poux de nationalit\u00e9 \u00e9trang\u00e8re peut se marier en France et atteste de l&rsquo;absence d&#8217;emp\u00eachement)<\/span><\/li>\n<\/ul>\n<p><span style=\"font-size: small;\">Les pi\u00e8ces d\u00e9pos\u00e9es pour le mariage ne sont pas rendues. Elles sont annex\u00e9es au registre contenant l&rsquo;acte et envoy\u00e9es au greffe du tribunal de grande instance.<\/span><\/p>\n<p style=\"text-align: center;\">&nbsp;<\/p>\n<p align=\"center\"><span style=\"font-size: large; color: #0000ff;\"><strong>PACS<\/strong><\/span><\/p>\n<p><span style=\"font-size: small;\">L&rsquo;union civile ou pacs (institu\u00e9 par la loi en 1999) consiste en l&rsquo;engagement de deux personnes c\u00e9libataires de m\u00eame sexe ou de sexe diff\u00e9rent, s\u00e9par\u00e9es par plus de trois degr\u00e9s de parent\u00e9, \u00e2g\u00e9es de 18 ans ou plus, qui expriment publiquement leur consentement libre et \u00e9clair\u00e9 \u00e0 faire vie commune et \u00e0 respecter les droits et obligations li\u00e9s \u00e0 cet \u00e9tat civil. La demande doit \u00eatre formul\u00e9e conjointement aupr\u00e8s du Greffe du Tribunal d\u2019Instance d\u2019Angoul\u00eame. Le pacs a des cons\u00e9quences juridiques imm\u00e9diates (aide mutuelle et mat\u00e9rielle) ou diff\u00e9r\u00e9es (fiscalit\u00e9, dons, legs, succession\u2026).<\/span><\/p>\n<p><span style=\"font-size: small;\"><strong>Tribunal d\u2019Instance d\u2019Angoul\u00eame<\/strong><\/span><\/p>\n<p><span style=\"font-size: small;\">Palais de JusticePlace Francis Louvel<\/span><\/p>\n<p><span style=\"font-size: small;\">16000 ANGOULEME<\/span><\/p>\n<p><span style=\"font-size: small;\">Tel : 05 45 37 11 60<\/span><\/p>\n<p><span style=\"font-size: small;\">&nbsp;<\/span><\/p>\n<h3 align=\"center\"><span style=\"font-size: large; color: #0000ff;\">Bapt\u00eame civil<\/span><\/h3>\n<p>&nbsp;<span style=\"font-size: small;\">Le bapt\u00eame civil, appel\u00e9 \u00e9galement \u00ab bapt\u00eame r\u00e9publicain&nbsp;\u00bb, permet de donner \u00e0 un enfant un parrain et une marraine sans avoir \u00e0 passer par l\u2019\u00e9glise. Il est accessible \u00e0 tous, que vous soyez ath\u00e9es ou de religion diff\u00e9rente.<\/span><\/p>\n<p><span style=\"font-size: small;\">Historiquement, la notion de bapt\u00eame r\u00e9publicain remonte \u00e0 l\u2019\u00e9poque de la s\u00e9paration de l\u2019\u00c9glise et de l\u2019\u00c9tat, c\u2019est \u00e0 dire \u00e0 la r\u00e9volution fran\u00e7aise. Il a \u00e9t\u00e9 institu\u00e9 par le d\u00e9cret du 20 prairial an II (8 juin 1794) qui a d\u00e9cid\u00e9 que les municipalit\u00e9s seraient les seules institutions habilit\u00e9es \u00e0 \u00e9tablir les actes de l\u2019\u00e9tat civil.<\/span><\/p>\n<p><span style=\"font-size: small;\">Le bapt\u00eame civil est aujourd\u2019hui plut\u00f4t appr\u00e9ci\u00e9 comme un compl\u00e9ment ou une alternative au bapt\u00eame religieux bien que l&rsquo;un n&#8217;emp\u00eache pas l&rsquo;autre.<\/span><\/p>\n<p><span style=\"font-size: small;\"><strong>Le bapt\u00eame civil a-t-il une valeur juridique ?<\/strong><\/span><\/p>\n<p>&nbsp;<span style=\"font-size: small;\"><strong>Non<\/strong>,&nbsp; le bapt\u00eame civil ne pr\u00e9sente aucune valeur juridique et n\u2019est l\u2019objet d\u2019aucun texte l\u00e9gislatif ou r\u00e9glementaire.<\/span><\/p>\n<p><span style=\"font-size: small;\">Comme pour un bapt\u00eame religieux, le certificat de bapt\u00eame remis pendant la c\u00e9r\u00e9monie n\u2019a aucune valeur l\u00e9gale. Il s\u2019agit uniquement d\u2019un engagement moral de la part des parrain et marraine traduisant leur attachement particulier \u00e0 l\u2019enfant.<\/span><\/p>\n<p><span style=\"font-size: small;\">S\u2019il arrive malheur aux parents, le bapt\u00eame civil ne cr\u00e9e aucun lien de droit entre les int\u00e9ress\u00e9s. La d\u00e9signation d\u2019un tuteur ne peut se faire que par voie testamentaire notari\u00e9 ou d\u2019une d\u00e9claration sp\u00e9ciale devant notaire.<\/span><\/p>\n<p><span style=\"font-size: small;\">Pour baptiser votre enfant \u00e0 Blanzac-Porcheresse, vous devez y r\u00e9sider. Faites en la demande par courrier aupr\u00e8s du secr\u00e9tariat de la Mairie.<\/span><\/p>\n<p>&nbsp;<span style=\"font-size: small;\">Pi\u00e8ces \u00e0 fournir<\/span><\/p>\n<p>&nbsp;<\/p>\n<ul>\n<li><span style=\"font-size: small;\">copie int\u00e9grale de l\u2019acte de naissance de l\u2019enfant ou du livret de famille&nbsp;<\/span><\/li>\n<li><span style=\"font-size: small;\">copie des pi\u00e8ces d\u2019identit\u00e9 des parents<\/span><\/li>\n<li><span style=\"font-size: small;\">justificatif de domicile des parents de &#8211; de 3 mois (loyer, factures, impositions)<\/span><\/li>\n<li><span style=\"font-size: small;\">copie de la pi\u00e8ce d&rsquo;identit\u00e9 du parrain et de la marraine<\/span><\/li>\n<li><span style=\"font-size: small;\">justificatif de domicile du parrain et de la marraine de &#8211; de 3 mois<\/span><\/li>\n<\/ul>\n<p>&nbsp;<\/p>\n<p align=\"center\"><span style=\"font-size: large; color: #0000ff;\"><strong>&nbsp;D\u00e9claration de d\u00e9c\u00e8s<\/strong><\/span><\/p>\n<p>&nbsp;<span style=\"font-size: small;\">La d\u00e9claration est effectu\u00e9e en mairie du lieu de d\u00e9c\u00e8s. Se munir du livret de famille et du certificat de d\u00e9c\u00e8s \u00e9tabli par le m\u00e9decin.<\/span><\/p>\n<p>&nbsp;<span style=\"font-size: small;\"><strong>Extrait d&rsquo;acte de d\u00e9c\u00e8s<\/strong><\/span><\/p>\n<p><span style=\"font-size: small;\">Cette demande doit \u00eatre r\u00e9alis\u00e9e en mairie du lieu de d\u00e9c\u00e8s ou de dernier domicile du d\u00e9funt. Indiquer la date de d\u00e9c\u00e8s, les nom(s) et pr\u00e9nom(s) du d\u00e9funt. La d\u00e9livrance de celui-ci est gratuite.<\/span><\/p>\n<p><span style=\"font-size: small;\">\u00c9galement possible en remplissant le formulaire de contact sur ce site internet.<br \/>\n<\/span><\/p>\n<p>&nbsp;<span style=\"font-size: small;\"><strong>Cas particuliers<\/strong><\/span><\/p>\n<p>&nbsp;<span style=\"font-size: small;\">Pour les personnes n\u00e9es \u00e0 l&rsquo;\u00e9tranger, les diff\u00e9rents actes pourront \u00eatre obtenus au Minist\u00e8re des Relations Ext\u00e9rieures (Service central de l&rsquo;\u00e9tat-civil 11,&nbsp;rue de la Maison-Blanche 44941 Nantes cedex 9). Pour les personnes originaires des d\u00e9partements ou territoires d&rsquo;Outre- Mer, les diff\u00e9rents actes pourront \u00eatre obtenus au d\u00e9p\u00f4t des papiers publics d&rsquo;Outre-Mer (57, boulevard des Invalides, 75007 Paris). Les demandes peuvent \u00e9galement se faire sur le site du<a href=\"http:\/\/www.diplomatie.gouv.fr\/fr\/\" target=\"_blank\" rel=\"noopener\"> minist\u00e8re des affaires \u00e9trang\u00e8res<\/a>.<\/span><\/p>\n<p>&nbsp;<\/p>\n<p align=\"center\"><span style=\"font-size: large; color: #0000ff;\"><strong>Cimeti\u00e8res<\/strong><\/span><\/p>\n<p><span style=\"font-size: small;\">Le service de l&rsquo;\u00e9tat-civil g\u00e8re les demandes d&#8217;emplacement dans les quatre cimeti\u00e8res. Pour pr\u00e9tendre obtenir une concession, il faut habiter ou d\u00e9c\u00e9der \u00e0 Coteaux du Blanzacais ou y avoir une s\u00e9pulture familiale.<\/span><\/p>\n<p>&nbsp;<span style=\"font-size: small;\"><strong>Tarifs concession cimeti\u00e8re<\/strong><\/span><\/p>\n<table style=\"width: 418px;\" cellpadding=\"0\" border=\"1\">\n<tbody>\n<tr>\n<td>&nbsp;<\/td>\n<td>\n<p align=\"center\"><span style=\"font-size: small;\">Cimeti\u00e8res<br \/>\n<\/span><\/p>\n<\/td>\n<\/tr>\n<tr>\n<td><span style=\"font-size: small;\">Trente ans Concession simple<\/span><\/td>\n<td>\n<p align=\"center\"><span style=\"font-size: small;\">61.00\u20ac<\/span><\/p>\n<\/td>\n<\/tr>\n<tr>\n<td><span style=\"font-size: small;\">Trente ans Concession double<\/span><\/td>\n<td>\n<p align=\"center\"><span style=\"font-size: small;\">122,00 \u20ac<\/span><\/p>\n<\/td>\n<\/tr>\n<\/tbody>\n<\/table>\n<p><span style=\"font-size: small;\"><em>Tarifs fix\u00e9s au 19 avril 2017<br \/>\n<\/em><\/span><\/p>\n<p>&nbsp;<\/p>\n<p><span style=\"font-size: small;\"><strong>Tarifs case columbarium<\/strong><\/span><\/p>\n<table style=\"width: 360px;\" cellpadding=\"0\" border=\"1\">\n<tbody>\n<tr>\n<td>&nbsp;<\/td>\n<td>\n<p align=\"center\"><span style=\"font-size: small;\">Cimeti\u00e8res<br \/>\n<\/span><\/p>\n<\/td>\n<\/tr>\n<tr>\n<td><span style=\"font-size: small;\">Case Columbarium trente ans<\/span><\/td>\n<td>\n<p align=\"center\"><span style=\"font-size: small;\">630,00 \u20ac<\/span><\/p>\n<\/td>\n<\/tr>\n<\/tbody>\n<\/table>\n<p>&nbsp;<span style=\"font-size: small;\"><em>Tarifs fix\u00e9s au 19 avril 2017<br \/>\n<\/em><\/span><\/p>\n<p><span style=\"font-size: small;\">Pour les renouvellements de concessions, les titulaires sont avertis par courrier deux mois avant la date d&rsquo;expiration. En cas de non renouvellement, la l\u00e9gislation autorise la commune \u00e0 reprendre la concession \u00e0 l&rsquo;\u00e9ch\u00e9ance des deux ans d\u00e9pass\u00e9s, sans aucune proc\u00e9dure et \u00e0 condition que la derni\u00e8re inhumation remonte \u00e0 plus de cinq ans.<\/span><\/p>\n<p><span style=\"font-size: small;\">Dans le cadre de la proc\u00e9dure de reprise de concessions fun\u00e9raires en \u00e9tat d&rsquo;abandon, toute personne susceptible de communiquer des renseignements sur les tombes abandonn\u00e9es est pri\u00e9e de se pr\u00e9senter \u00e0 la mairie de Coteaux du Blanzacais.<\/span><\/p>\n<p>&nbsp;<\/p>\n<p style=\"text-align: center;\">&nbsp;<span style=\"font-size: small;\"><span style=\"font-size: large;\"><a href=\"https:\/\/demarches.mairie-saint-ouen.fr\/frontoffice\/requestType\/start\/Death+Details\" target=\"_blank\" rel=\"noopener\"><strong>Acte Etat civil&nbsp; ant\u00e9rieur \u00e0&nbsp; 1933 (naissance, mariage d\u00e9c\u00e8s)<\/strong><\/a><\/span><\/span><\/p>\n<p><span style=\"font-size: small;\">les registres d&rsquo;\u00e9tat civil (naissances, mariages, d\u00e9c\u00e8s) de Coteaux du Blanzacais de 1793 \u00e0 1932 sont directement consultables sur le site des <a href=\"http:\/\/www.archives16.fr\/article.php?laref=15&amp;message=Pour+acc%E9der+%E0+ce+fonds%2C+vous+devez+accepter+la+licence\">Archives D\u00e9partementales de la Charente<\/a><\/span><\/p>\n<p><span style=\"font-size: small;\">Pour vous aider dans vos recherches, vous pouvez \u00e9galement consulter les tables d\u00e9cennales de cette m\u00eame p\u00e9riode (les tables d\u00e9cennales de naissance, mariage et d\u00e9c\u00e8s reprennent alphab\u00e9tiquement l\u2019ensemble des actes publi\u00e9s ; ces tables permettent de trouver la date d\u2019un acte afin de pouvoir ensuite le consulter dans les registres d\u2019\u00e9tat civil).<\/span><\/p>\n<p><span style=\"font-size: small;\"><strong>&nbsp;<\/strong><\/span><\/p>\n<p style=\"text-align: center;\"><span style=\"font-size: large;\"><a href=\"https:\/\/demarches.mairie-saint-ouen.fr\/frontoffice\/requestType\/start\/Death+Details\" target=\"_blank\" rel=\"noopener\"><strong>Acte Etat civil&nbsp; de 1933 \u00e0 nos jours (naissance, mariage d\u00e9c\u00e8s)<\/strong><\/a><\/span><\/p>\n<p><span style=\"font-size: small;\">Ce service vous permet de demander une copie ou un extrait d&rsquo;acte de naissance, de mariage ou de d\u00e9c\u00e8s directement aupr\u00e8s de la mairie. Les documents demand\u00e9s vous seront envoy\u00e9s par courrier postal. <strong>La d\u00e9livrance de ces actes ne concerne que les personnes n\u00e9es, mari\u00e9es ou d\u00e9c\u00e9d\u00e9es \u00e0 Coteaux du Blanzacais.<\/strong><\/span><\/p>\n<p><span style=\"font-size: small;\"><strong>Sinon o\u00f9 s&rsquo;adresser ?<\/strong><\/span><\/p>\n<p><span style=\"font-size: small;\">&#8211; <strong>actes de naissance : <\/strong>mairie du lieu de naissance ;<\/span><\/p>\n<p><span style=\"font-size: small;\">&#8211; <strong>actes de mariage : <\/strong>mairie dans laquelle le mariage civil a \u00e9t\u00e9 c\u00e9l\u00e9br\u00e9 ;<\/span><\/p>\n<p><span style=\"font-size: small;\">&#8211; <strong>actes de d\u00e9c\u00e8s : <\/strong>mairie du lieu de d\u00e9c\u00e8s ou mairie du dernier domicile du d\u00e9funt.<\/span><\/p>\n<p><span style=\"font-size: small;\">&nbsp;<\/span><\/p>\n<p><span style=\"font-size: small;\">Le <a title=\"D\u00e9livrance d\u2019un acte d\u2019\u00e9tat civil - Minist\u00e8re des affaires \u00e9trang\u00e8res\" href=\"http:\/\/www.diplomatie.gouv.fr\/fr\/vivre-a-l-etranger\/vivre-a-l-etranger-vos-droits-et\/le-consulat-a-votre-service\/etat-civil-a-l-etranger\/demarches-relatives-aux-actes-d\/article\/delivrance-d-un-acte-d-etat-civil\" target=\"_blank\" rel=\"noopener\"><strong>Service central d&rsquo;\u00e9tat civil<\/strong><\/a> d\u00e9livre les copies et extraits d&rsquo;actes pour tous les \u00e9v\u00e9nements d\u2019\u00e9tat civil intervenus \u00e0 l\u2019\u00e9tranger ou dans les territoires anciennement sous administration fran\u00e7aise, et qui concernent des ressortissants fran\u00e7ais.<\/span><\/p>\n<p>&nbsp;<span style=\"font-size: small;\">Les personnes b\u00e9n\u00e9ficiaires du statut de r\u00e9fugi\u00e9 ou d&rsquo;apatride peuvent obtenir des certificats tenant lieu d&rsquo;actes de l&rsquo;\u00e9tat civil en s&rsquo;adressant \u00e0 l&rsquo;<a title=\"Formulaires \u00e9tat civil | OFPRA\" href=\"https:\/\/www.ofpra.gouv.fr\/detail\/acte\/accueilFormulaire\/index.html\" target=\"_blank\" rel=\"noopener\"><strong>Office fran\u00e7ais de protection des r\u00e9fugi\u00e9s et apatrides<\/strong><\/a>.<\/span><\/p>\n<p>&nbsp;<\/p>\n<p><span style=\"font-size: small;\"><strong>Conditions de d\u00e9livrance d&rsquo;une copie ou d&rsquo;un extrait d&rsquo;acte d&rsquo;\u00e9tat civil&nbsp;:<\/strong><\/span><br \/>\n<span style=\"font-size: small;\"> Les copies d&rsquo;acte de d\u00e9c\u00e8s peuvent \u00eatre d\u00e9livr\u00e9es \u00e0 toute personne&nbsp;; il en est de m\u00eame pour les extraits sans filiation d&rsquo;acte de naissance ou de mariage.<\/span><br \/>\n<span style=\"font-size: small;\"> <strong>Par contre, pour obtenir une copie int\u00e9grale ou un extrait avec filiation (avec indication des p\u00e8re et m\u00e8re) d&rsquo;acte de naissance ou de mariage, le demandeur doit satisfaire trois conditions<\/strong> (<a title=\"D\u00e9tail du texte sur L\u00e9gifrance\" href=\"http:\/\/legifrance.gouv.fr\/affichTexte.do?cidTexte=LEGITEXT000006061111&amp;dateTexte=vig\" target=\"_blank\" rel=\"noopener\">d\u00e9cret n\u00b062-921 du 3 ao\u00fbt 1962 modifiant certaines r\u00e8gles relatives aux actes de l&rsquo;\u00e9tat civil<\/a>)&nbsp;:<\/span><br \/>\n<span style=\"font-size: small;\"> &#8211; \u00eatre la personne que l&rsquo;acte concerne, son conjoint, un de ses ascendants ou descendants, son repr\u00e9sentant l\u00e9gal ;<\/span><br \/>\n<span style=\"font-size: small;\"> &#8211; \u00eatre majeur ou \u00e9mancip\u00e9 ;<\/span><br \/>\n<span style=\"font-size: small;\"> &#8211; \u00eatre en mesure d&rsquo;indiquer, lors de la demande, les nom et pr\u00e9nom des parents de la personne concern\u00e9e par l&rsquo;acte.<\/span><\/p>\n<p>&nbsp;<\/p>\n<p>&nbsp;<span style=\"font-size: small;\"><strong>La d\u00e9livrance d&rsquo;un acte d&rsquo;\u00e9tat civil est gratuite<\/strong> : attention, plusieurs sites internet priv\u00e9s (sans aucun lien avec la mairie de Blanzac-Porcheresse et le site gouvernemental proposent un service payant pour effectuer \u00e0 votre place les d\u00e9marches administratives (par exemple obtenir un acte d\u2019\u00e9tat civil ou proposer les formulaires et timbres fiscaux pour votre dossier de demande de passeport).<\/span><br \/>\n<span style=\"font-size: small;\"> Pour obtenir un acte d\u2019\u00e9tat civil aupr\u00e8s de la mairie de Blanzac Porcheresse, utilisez le formulaire de contact \u00e0 votre disposition sur ce site.<\/span><\/p>\n<p>&nbsp;<span style=\"font-size: small;\">Conform\u00e9ment \u00e0 la loi \u00ab\u00a0informatique et libert\u00e9s\u00a0\u00bb du 6 janvier 1978, vous b\u00e9n\u00e9ficiez d&rsquo;un droit d&rsquo;acc\u00e8s et de rectification aux informations qui vous concernent. Si vous souhaitez exercer ce droit et obtenir communication des informations vous concernant, veuillez vous adresser \u00e0 la Mairie<\/span><\/p>\n<div align=\"center\">\n<table style=\"width: 100%;\" cellspacing=\"0\" cellpadding=\"0\" border=\"0\">\n<tbody>\n<tr>\n<td>&nbsp;<\/td>\n<\/tr>\n<\/tbody>\n<\/table>\n<\/div>\n<p>&nbsp;<span style=\"font-size: small;\"><strong>A noter :<\/strong><\/span><br \/>\n<span style=\"font-size: small;\"> &#8211; Pour certaines d\u00e9marches aupr\u00e8s d\u2019autorit\u00e9s \u00e9trang\u00e8res, les actes d\u2019\u00e9tat civil peuvent \u00eatre r\u00e9dig\u00e9s sous la forme <a title=\"Traduction d'une pi\u00e8ce d'\u00e9tat civil - Service-public.fr\" href=\"http:\/\/vosdroits.service-public.fr\/particuliers\/F1374.xhtml\" target=\"_blank\" rel=\"noopener\">plurilingue<\/a>.<\/span><br \/>\n<span style=\"font-size: small;\"> &#8211; Un <a title=\"Demande d'une copie d'un extrait conserv\u00e9 au r\u00e9pertoire civil - T\u00e9l\u00e9service Cerfa n\u00b013485*01 - Service-public.fr\" href=\"http:\/\/vosdroits.service-public.fr\/particuliers\/R18788.xhtml\" target=\"_blank\" rel=\"noopener\">t\u00e9l\u00e9service<\/a> vous permet d&rsquo;obtenir la copie de l&rsquo;extrait de r\u00e9pertoire civil correspondant \u00e0 la mention \u00ab RC \u00bb sur un acte de naissance.<\/span><br \/>\n<span style=\"font-size: small;\"> &#8211; Pour faire rectifier une erreur ou d&rsquo;une omission mat\u00e9rielle contenue dans un acte de l&rsquo;\u00e9tat civil, vous pouvez utiliser un <a title=\"Demande de rectification d'\u00e9tat civil - T\u00e9l\u00e9service Cerfa n\u00b011531*01 - Service-public.fr\" href=\"http:\/\/vosdroits.service-public.fr\/particuliers\/R18387.xhtml\" target=\"_blank\" rel=\"noopener\">t\u00e9l\u00e9service<\/a> permettant de transmettre votre demande de rectification au tribunal concern\u00e9.<\/span><\/p>\n<p>&nbsp;<span style=\"font-size: small;\">&nbsp;<br \/>\n<\/span><\/p>\n<p align=\"center\">&nbsp;<span style=\"font-size: large; color: #0000ff;\"><strong>Duplicata de Livret de famille<\/strong><\/span><\/p>\n<p>&nbsp;<span style=\"font-size: small;\">Ce duplicata est d\u00e9livr\u00e9 gratuitement. Il faut faire votre demande \u00e0 la mairie de votre lieu de r\u00e9sidence. Il est important de joindre les renseignements d&rsquo;\u00e9tat-civil du conjoint et des enfants pour permettre l&rsquo;\u00e9tablissement de ce duplicata. Votre commune de r\u00e9sidence s&rsquo;adressera directement \u00e0 la commune qui vous a mari\u00e9 et qui renverra le duplicata de livret de famille. A la r\u00e9ception de celui-ci, votre mairie vous contactera par courrier pour que vous puissiez venir le r\u00e9cup\u00e9rer, muni d&rsquo;une pi\u00e8ce d&rsquo;identit\u00e9.<\/span><\/p>\n<p align=\"center\"><span style=\"font-size: small;\">&nbsp;<\/span><span style=\"color: #0000ff; font-size: large;\"><strong><br \/>\n<\/strong><\/span><\/p>\n<p align=\"center\"><span style=\"color: #0000ff; font-size: large;\"><strong>Fiche d&rsquo;\u00e9tat-civil (individuelle ou familiale)<\/strong><\/span><\/p>\n<p>&nbsp;Supprim\u00e9e depuis le 28 d\u00e9cembre 2000. La fiche individuelle est remplac\u00e9e par la photocopie de la carte d&rsquo;identit\u00e9 en cours de validit\u00e9. La fiche familiale est remplac\u00e9e par la photocopie du livret de famille \u00e0 jour.<\/p>\n<p><span style=\"font-size: small;\">&nbsp;<\/span><\/p>\n<p style=\"text-align: center;\"><span style=\"font-size: small;\">&nbsp; <span style=\"font-size: large;\"><a href=\"https:\/\/demarches.mairie-saint-ouen.fr\/frontoffice\/requestType\/start\/Death+Details\" target=\"_blank\" rel=\"noopener\"><strong>Recensement Militaire<\/strong><\/a><\/span><\/span><\/p>\n<p><span style=\"font-size: small;\">Le recensement citoyen est une d\u00e9marche obligatoire et indispensable pour pouvoir participer \u00e0 la <a title=\"Journ\u00e9e d\u00e9fense et citoyennet\u00e9 (JDC) - Service-public.fr\" href=\"https:\/\/www.service-public.fr\/particuliers\/vosdroits\/F871\" target=\"_blank\" rel=\"noopener\">journ\u00e9e d\u00e9fense et citoyennet\u00e9<\/a>. Les personnes non recens\u00e9es avant leurs 16 ans et 3 mois peuvent r\u00e9gulariser leur situation jusqu&rsquo;\u00e0 l&rsquo;\u00e2ge de 25 ans.<\/span><\/p>\n<p>&nbsp;<img loading=\"lazy\" decoding=\"async\" style=\"display: block; margin-left: auto; margin-right: auto;\" title=\"recensement__037583100_1428_12112012.jpg\" src=\"upload\/images\/votreMairie\/recensement__037583100_1428_12112012.jpg\" alt=\"\" width=\"490\" height=\"282\"><\/p>\n<p><span style=\"font-size: small;\">&nbsp;<\/span><\/p>\n<p><span style=\"font-size: small;\">Vous pouvez effectuer votre recensement citoyen en utilisant le formulaire de contact de ce site.<\/span><\/p>\n<p><span style=\"font-size: small;\"> Les pi\u00e8ces justificatives doivent \u00eatre num\u00e9ris\u00e9es&nbsp;: il s\u2019agit de la copie d\u2019une pi\u00e8ce d\u2019identit\u00e9 (carte d\u2019identit\u00e9 ou passeport) ainsi que de la copie du livret de famille.<\/span><\/p>\n<p><span style=\"font-size: small;\">Il est \u00e9galement possible d\u2019effectuer cette d\u00e9marche en vous pr\u00e9sentant \u00e0 la mairie de votre domicile sur pr\u00e9sentation d\u2019une pi\u00e8ce d\u2019identit\u00e9 (carte nationale d\u2019identit\u00e9 ou passeport) et du livret de famille de vos parents.<\/span><\/p>\n<p><span style=\"font-size: small;\">Une attestation de recensement vous sera remise.<\/span><br \/>\n<span style=\"font-size: small;\"> Ce document, \u00e0 conserver pr\u00e9cieusement, est indispensable pour s&rsquo;inscrire aux examens et concours soumis au contr\u00f4le de l&rsquo;autorit\u00e9 publique (dont le permis de conduire).<\/span><\/p>\n<p><span style=\"font-size: small;\">&nbsp; <\/span><img decoding=\"async\" style=\"display: block; margin-left: auto; margin-right: auto;\" title=\"specime.jpg\" src=\"upload\/images\/votreMairie\/specime.jpg\" alt=\"\" width=\"250\"><\/p>\n<p><span style=\"font-size: small;\">&nbsp;<\/span><\/p>\n<p style=\"text-align: center;\"><span style=\"font-size: small;\">&nbsp;&nbsp;<span style=\"font-size: small;\"> <span style=\"font-size: large;\"><a href=\"https:\/\/demarches.mairie-saint-ouen.fr\/frontoffice\/requestType\/start\/Death+Details\" target=\"_blank\" rel=\"noopener\"><strong>Inscription sur les listes \u00e9lectorales<\/strong><\/a><\/span><\/span><\/span><\/p>\n<p><span style=\"font-size: small;\">L\u2019inscription sur les listes \u00e9lectorales est possible toute l&rsquo;ann\u00e9e mais elle ne prend effet qu\u2019\u00e0 partir du 1er mars de l\u2019ann\u00e9e suivante, apr\u00e8s r\u00e9vision annuelle des listes \u00e9lectorales.<\/span><\/p>\n<p><strong><span style=\"font-size: small;\">Toute demande d\u2019inscription ou de modification sur la liste \u00e9lectorale doit \u00eatre signal\u00e9e en mairie avant le 31 d\u00e9cembre, dernier d\u00e9lai.<\/span><\/strong><span style=\"font-size: small;\"> L\u2019inscription sur les listes \u00e9lectorales est en effet possible toute l&rsquo;ann\u00e9e mais elle ne prend effet qu\u2019\u00e0 partir du 1er mars de l\u2019ann\u00e9e suivante, apr\u00e8s r\u00e9vision annuelle des listes \u00e9lectorales.<\/span><br \/>\n<span style=\"font-size: small;\"> Les \u00e9lecteurs ayant chang\u00e9 de domicile \u00e0 l\u2019int\u00e9rieur de la commune sont \u00e9galement invit\u00e9s \u00e0 indiquer leur nouvelle adresse \u00e0 la mairie.<\/span><\/p>\n<p>&nbsp; <span style=\"font-size: small;\"><strong>Cas particuliers&nbsp;: inscription l&rsquo;ann\u00e9e de l&rsquo;\u00e9lection<\/strong><\/span><br \/>\n<span style=\"font-size: small;\"> Si vous \u00eates dans l&rsquo;une des situations suivantes, vous pouvez vous inscrire et voter la m\u00eame ann\u00e9e&nbsp;:<\/span><br \/>\n<span style=\"font-size: small;\"> &#8211;&nbsp;jeune ayant atteint l&rsquo;\u00e2ge de 18 ans entre le 1er mars et le jour de l&rsquo;\u00e9lection,<\/span><br \/>\n<span style=\"font-size: small;\"> &#8211;&nbsp;personne qui d\u00e9m\u00e9nage pour des motifs professionnels et fonctionnaire admis \u00e0 la retraite apr\u00e8s le 1er janvier,<\/span><br \/>\n<span style=\"font-size: small;\"> &#8211;&nbsp;militaire retournant \u00e0 la vie civile apr\u00e8s le 1er janvier,<\/span><br \/>\n<span style=\"font-size: small;\"> &#8211;&nbsp;acquisition de la nationalit\u00e9 fran\u00e7aise apr\u00e8s le 1er janvier,<\/span><br \/>\n<span style=\"font-size: small;\"> &#8211;&nbsp;recouvrement de l&rsquo;exercice du droit de vote apr\u00e8s le 1er janvier.<\/span><\/p>\n<div align=\"center\">\n<table style=\"width: 100%;\" cellspacing=\"0\" cellpadding=\"0\" border=\"0\">\n<tbody>\n<tr>\n<td>&nbsp;<\/td>\n<\/tr>\n<\/tbody>\n<\/table>\n<\/div>\n<p><span style=\"font-size: small;\">&nbsp;Pour vous inscrire sur les listes \u00e9lectorales (ou de signaler un changement d&rsquo;adresse), vous pouvez utiliser le formulaire de contact de ce site de num\u00e9riser les pi\u00e8ces justificatives et d&rsquo;envoyer le tout. En quelques clics, la demande est transmise \u00e0 la commune de r\u00e9sidence.<\/span><\/p>\n<p><span style=\"font-size: small;\">&nbsp; <\/span><img loading=\"lazy\" decoding=\"async\" style=\"display: block; margin-left: auto; margin-right: auto;\" title=\"ELECTIONS.jpg\" src=\"upload\/images\/votreMairie\/ELECTIONS.jpg\" alt=\"\" width=\"494\" height=\"697\"><\/p>\n<p><span style=\"font-size: small;\">&nbsp;Pi\u00e8ces justificatives:<br \/>\n<\/span><\/p>\n<p><span style=\"font-size: small;\">-Un titre d&rsquo;identit\u00e9 et de nationalit\u00e9 en cours de validit\u00e9 ou dont la validit\u00e9 a expir\u00e9 dans l\u2019ann\u00e9e pr\u00e9c\u00e9dant le d\u00e9p\u00f4t de la demande d\u2019inscription&nbsp;: carte nationale d\u2019identit\u00e9 (recto-verso) ou passeport (copie de la double page o\u00f9 figure votre photo).<\/span><br \/>\n<span style=\"font-size: small;\"> Si vous \u00eates devenu fran\u00e7ais r\u00e9cemment et que vous ne poss\u00e9dez pas encore de pi\u00e8ce d&rsquo;identit\u00e9 fran\u00e7aise&nbsp;: pi\u00e8ce d&rsquo;identit\u00e9 d&rsquo;origine + une preuve de la nationalit\u00e9 fran\u00e7aise (d\u00e9cret de naturalisation, certificat de nationalit\u00e9).<\/span><\/p>\n<p><span style=\"font-size: small;\">&#8211;&nbsp;Un justificatif de domicile&nbsp;: facture de t\u00e9l\u00e9phone (fixe ou mobile), d\u2019\u00e9lectricit\u00e9, de gaz, d\u2019eau, relev\u00e9 de charges de copropri\u00e9t\u00e9, quittance de loyer \u00e9manant d\u2019un organisme priv\u00e9 ou de l\u2019OPHLM, dernier avis d\u2019imposition sur les revenus, bulletin de salaire, titre de pension, attestation d\u2019assurance habitation, courrier administratif (\u00e9lectricit\u00e9, gaz, assurance maladie), avis de taxe d\u2019habitation ou fonci\u00e8re, relev\u00e9 de compte bancaire (veillez \u00e0 ce que les factures soient \u00e9tablies \u00e0 votre nom et pr\u00e9nom et qu&rsquo;elles ne datent pas de plus de 3 mois, ou de l&rsquo;ann\u00e9e en cours pour les \u00e9ch\u00e9anciers).<\/span><\/p>\n<p><span style=\"font-size: small;\">Cas particuliers des personnes domicili\u00e9es chez un parent ou un tiers, fournir :<\/span><br \/>\n<span style=\"font-size: small;\"> &#8211;&nbsp;une attestation de l\u2019h\u00e9bergeant,<\/span><br \/>\n<span style=\"font-size: small;\"> &nbsp;&nbsp;+&nbsp;une pi\u00e8ce d\u2019identit\u00e9 de l\u2019h\u00e9bergeant,<\/span><br \/>\n<span style=\"font-size: small;\"> &nbsp;&nbsp;+&nbsp;un justificatif de domicile au nom de l\u2019h\u00e9bergeant (voir liste ci-dessus),<\/span><br \/>\n<span style=\"font-size: small;\"> &nbsp;&nbsp;+&nbsp;un justificatif de domicile de toute nature au nom du demandeur.<\/span><br \/>\n<span style=\"font-size: small;\"> &#8211;&nbsp;Le livret de famille pour les femmes mari\u00e9es.<\/span><\/p>\n<p>&nbsp;<span style=\"font-size: small;\">Il est \u00e9galement possible de s\u2019inscrire sur les listes \u00e9lectorales par correspondance&nbsp;: des formulaires d&rsquo;inscription sont \u00e0 votre disposition en t\u00e9l\u00e9chargement. <strong>La demande ainsi transmise doit parvenir en mairie avant le 31 d\u00e9cembre pour \u00eatre prise en compte.<\/strong><\/span><\/p>\n<p>&nbsp;<span style=\"font-size: small;\"><strong>Formulaires d&rsquo;inscription :<\/strong><\/span><br \/>\n<span style=\"font-size: small;\"> &#8211;&nbsp;Demande d&rsquo;inscription sur les listes \u00e9lectorales \u00e0 l&rsquo;usage des citoyens fran\u00e7ais&nbsp;: <a title=\"Demande d'inscription sur les listes \u00e9lectorales - Formulaire Cerfa n\u00b012669*01 - Service-public.fr\" href=\"https:\/\/www.service-public.fr\/particuliers\/vosdroits\/R16024\" target=\"_blank\" rel=\"noopener\">formulaire Cerfa n\u00b012669*01<\/a><\/span><br \/>\n<span style=\"font-size: small;\"> &#8211;&nbsp;Demande d&rsquo;inscription sur les listes \u00e9lectorales \u00e0 l&rsquo;usage des citoyens non fran\u00e7ais de l&rsquo;<a title=\"Etats membres de l'Union europ\u00e9enne - europa.eu\" href=\"http:\/\/europa.eu\/about-eu\/countries\/index_fr.htm\" target=\"_blank\" rel=\"noopener\">Union europ\u00e9enne<\/a>&nbsp;:<\/span><br \/>\n<span style=\"font-size: small;\"> &nbsp;&nbsp;&gt;&nbsp;Pour les \u00e9lections municipales&nbsp;: <a title=\"\u00c9lections municipales demande d'inscription d'un citoyen europ\u00e9en - Formulaire Cerfa n\u00b012670*01 - Service-public.fr\" href=\"https:\/\/www.service-public.fr\/particuliers\/vosdroits\/R16026\" target=\"_blank\" rel=\"noopener\">formulaire Cerfa n\u00b012670*01<\/a><\/span><br \/>\n<span style=\"font-size: small;\"> &nbsp;&nbsp;&gt;&nbsp;Pour les \u00e9lections europ\u00e9ennes&nbsp;: <a title=\"\u00c9lections europ\u00e9ennes demande d'inscription d'un citoyen europ\u00e9en - Formulaire Cerfa n\u00b012671*01 - Service-public.fr\" href=\"https:\/\/www.service-public.fr\/particuliers\/vosdroits\/R16025\" target=\"_blank\" rel=\"noopener\">formulaire Cerfa n\u00b012671*01<\/a><\/span><br \/>\n<span style=\"font-size: small;\"> \u21d2&nbsp;Les citoyens de l&rsquo;Union europ\u00e9enne qui r\u00e9sident en France peuvent participer aux <a title=\"\u00c9lections municipales - Service-public.fr\" href=\"https:\/\/www.service-public.fr\/particuliers\/vosdroits\/F1952\" target=\"_blank\" rel=\"noopener\">\u00e9lections municipales<\/a> et aux <a title=\"\u00c9lections europ\u00e9ennes - Service-public.fr\" href=\"https:\/\/www.service-public.fr\/particuliers\/vosdroits\/F1944\" target=\"_blank\" rel=\"noopener\">\u00e9lections europ\u00e9ennes<\/a> dans les m\u00eames conditions que les \u00e9lecteurs fran\u00e7ais.<\/span><\/p>\n<p><span style=\"font-size: small;\"><strong>&nbsp;A noter&nbsp;: <\/strong>chaque jeune Fran\u00e7ais qui devient majeur est inscrit d&rsquo;office sur les listes \u00e9lectorales. La mairie informe par courrier le nouvel \u00e9lecteur de son inscription, sans que celui-ci n&rsquo;effectue de d\u00e9marche particuli\u00e8re. Si toutefois son inscription n&rsquo;avait pas eu lieu, le jeune peut r\u00e9gulariser sa situation en s&rsquo;adressant \u00e0 la mairie ou au tribunal d&rsquo;instance.<\/span><\/p>\n<p><span style=\"font-size: small;\">&nbsp;<\/span><\/p>\n<div align=\"center\">\n<hr width=\"100%\" size=\"2\" align=\"center\">\n<\/div>\n<p><span style=\"font-size: small;\">Les <strong>Fran\u00e7ais \u00e9tablis hors de France peuvent voter dans les ambassades et les postes consulaires<\/strong>, non plus seulement pour les \u00e9lections pr\u00e9sidentielles et les r\u00e9f\u00e9rendums, mais \u00e9galement pour les \u00e9lections europ\u00e9ennes et les \u00e9lections des d\u00e9put\u00e9s des Fran\u00e7ais de l&rsquo;\u00e9tranger&nbsp;: <a title=\"\u00c9lections - Fran\u00e7ais domicili\u00e9 \u00e0 l'\u00e9tranger - Service-public.fr\" href=\"https:\/\/www.service-public.fr\/particuliers\/vosdroits\/F16904\" target=\"_blank\" rel=\"noopener\">en savoir plus<\/a>.<\/span><\/p>\n<p><span style=\"font-size: small;\"><strong>Cas des expatri\u00e9s de retour en France&nbsp;:<\/strong> le simple fait pour un expatri\u00e9 de revenir vivre en France et d&rsquo;\u00eatre radi\u00e9 du registre des Fran\u00e7ais de l&rsquo;\u00e9tranger ne suffit pas \u00e0 le radier des listes \u00e9lectorales consulaires. Il doit imp\u00e9rativement faire une d\u00e9marche en ce sens aupr\u00e8s du Minist\u00e8re des affaires \u00e9trang\u00e8res par le biais du <a title=\"Demande de radiation de la liste \u00e9lectorale consulaire - Formulaire Cerfa n\u00b014040\u00b002 - Service-public.fr\" href=\"https:\/\/www.service-public.fr\/particuliers\/vosdroits\/R1412\" target=\"_blank\" rel=\"noopener\">formulaire Cerfa n\u00b014040*02<\/a>.<\/span><br \/>\n<span style=\"font-size: small;\"> <strong>\u21d2<\/strong><strong>&nbsp;Attention&nbsp;: \u00e0 d\u00e9faut de radiation des listes \u00e9lectorales consulaires, l&rsquo;\u00e9lecteur est r\u00e9put\u00e9 voter \u00e0 l&rsquo;\u00e9tranger, quand bien m\u00eame il n&rsquo;y r\u00e9siderait plus.<\/strong><\/span><\/p>\n<p>&nbsp;<\/p>\n<p style=\"text-align: center;\"><span style=\"font-size: small;\">&nbsp;<\/span><strong><span style=\"font-size: large; color: #0000ff;\">Les inscriptions scolaires<\/span><\/strong><\/p>\n<p style=\"text-align: center;\"><strong><span style=\"font-size: large; color: #0000ff;\"> (maternelle ou \u00e9l\u00e9mentaire).<\/span><\/strong><\/p>\n<p>&nbsp;<span style=\"font-size: small;\">Pour faire une inscription de votre enfant \u00e0 l&rsquo;\u00e9cole maternelle ou \u00e9l\u00e9mentaire vous devez imp\u00e9rativement vous pr\u00e9senter au secr\u00e9tariat de la Mairie avec les pi\u00e8ces suivantes:<\/span><\/p>\n<p>&nbsp;<span style=\"font-size: small;\"><strong>Livret de famille ou acte de naissance de l&rsquo;enfant \u00e0 inscrire<\/strong><\/span><\/p>\n<p>&nbsp;<span style=\"font-size: small;\"><strong>Carnet de sant\u00e9 (ou certificat de vaccinations obligatoires)<\/strong><\/span><\/p>\n<p>&nbsp;<span style=\"font-size: small;\"><strong>Justificatif de domicile<\/strong><\/span><\/p>\n<p>&nbsp;<span style=\"font-size: small;\"><strong>Le cas \u00e9ch\u00e9ant: le jugement de divorce mentionnant l&rsquo;autorit\u00e9 parentale<\/strong><\/span><\/p>\n<p><span style=\"font-size: small;\">&nbsp;<\/span><\/p>\n<p align=\"center\">&nbsp;<span style=\"font-size: large; color: #0000ff;\"><strong>Automobile<\/strong><\/span><\/p>\n<p>&nbsp;<span style=\"font-size: small;\"> Vous souhaitez vendre, acheter ou d\u00e9truire un v\u00e9hicule&nbsp;?<\/span><\/p>\n<p><span style=\"font-size: small;\">&nbsp;Voici les formulaires et papiers n\u00e9cessaires dans chacun des cas.<\/span><\/p>\n<p><span style=\"font-size: small;\">&nbsp;<strong>Vendre ou c\u00e9der un v\u00e9hicule<\/strong><\/span><\/p>\n<p><span style=\"font-size: small;\">certificat de situation administration ou non gage de \u2013 15 jours (bornes en pr\u00e9fecture, courrier \u00e0 la mairie ou&nbsp;<a href=\"https:\/\/siv.interieur.gouv.fr\/map-usg-ui\/do\/accueil_certificat\" target=\"_blank\" rel=\"noopener\">t\u00e9l\u00e9service<\/a>)&nbsp;&nbsp;&nbsp;<\/span><\/p>\n<ul>\n<li><span style=\"font-size: small;\"><a href=\"https:\/\/www.formulaires.modernisation.gouv.fr\/gf\/showFormulaireSignaletiqueConsulter.do?numCerfa=13754\" target=\"_blank\" rel=\"noopener\">certificat de cession de v\u00e9hicule<\/a><\/span><\/li>\n<li><span style=\"font-size: small;\">preuve du contr\u00f4le technique de \u2013 6 mois (pour les v\u00e9hicules + 4 ans)<\/span><\/li>\n<\/ul>\n<p><span style=\"font-size: small;\">&nbsp;<strong>Acheter un v\u00e9hicule<\/strong><\/span><\/p>\n<p><span style=\"font-size: small;\">&nbsp;<\/span><span style=\"font-size: small;\"><a href=\"https:\/\/www.formulaires.modernisation.gouv.fr\/gf\/showFormulaireSignaletiqueConsulter.do?numCerfa=13749\" target=\"_blank\" rel=\"noopener\">certificat d&rsquo;immatriculation d&rsquo;un v\u00e9hicule neuf<\/a><\/span><\/p>\n<p><span style=\"font-size: small;\">&nbsp;ou<\/span><\/p>\n<p><span style=\"font-size: small;\">&nbsp;<\/span><span style=\"font-size: small;\"><a href=\"https:\/\/www.formulaires.modernisation.gouv.fr\/gf\/cerfa_13750.do\" target=\"_blank\" rel=\"noopener\">certificat d&rsquo;immatriculation d&rsquo;un v\u00e9hicule<\/a><\/span><\/p>\n<ul>\n<li><span style=\"font-size: small;\">justificatif d&rsquo;identit\u00e9 de chaque acqu\u00e9reur (CNI, passeport en cours de validit\u00e9, permis de conduire, carte de combattant)<\/span><\/li>\n<li><span style=\"font-size: small;\">justificatif de domicile (s&rsquo;il y a plusieurs acqu\u00e9reurs, la pi\u00e8ce justificative du domicile du propri\u00e9taire dont l\u2019adresse va figurer sur le certificat d\u2019immatriculation)<\/span><\/li>\n<li><span style=\"font-size: small;\">r\u00e8glement du montant du certificat d&rsquo;immatriculation (esp\u00e8ces, ch\u00e8que ou carte bancaire)<\/span><\/li>\n<\/ul>\n<p><span style=\"font-size: small;\">&nbsp;<strong>Peut \u00e9galement vous \u00eatre utile&nbsp;:<\/strong><\/span><\/p>\n<p><span style=\"font-size: small;\"><a href=\"https:\/\/www.formulaires.modernisation.gouv.fr\/gf\/showFormulaireSignaletiqueConsulter.do?numCerfa=13754\" target=\"_blank\" rel=\"noopener\">certificat de cession de v\u00e9hicule pour destruction<\/a><\/span><\/p>\n<p><span style=\"font-size: small;\"><a href=\"http:\/\/chateauneufsurcharente.fr\/telechargements\/formulaires\/302-formulaire-auto-cerfa-13753-02-1-immat-perte-vol\" target=\"_blank\" rel=\"noopener\">d\u00e9claration de perte ou vol du certificat d&rsquo;immatriculation<\/a><\/span><\/p>\n<p><span style=\"font-size: small;\"><a href=\"http:\/\/chateauneufsurcharente.fr\/telechargements\/formulaires\/299-formulaire-auto-cerfa-14074-03-duplicatat-permis-conduire\" target=\"_blank\" rel=\"noopener\">demande de duplicata de permis de conduire<\/a> (vol, perte, d\u00e9t\u00e9rioration du titre, changement d\u2019adresse ou d\u2019\u00e9tat civil)<\/span><\/p>\n<p><span style=\"font-size: small;\">&nbsp;A noter&nbsp;; les destinataires des feuillets de vos demandes sont indiqu\u00e9s en haut \u00e0 droite de chaque formulaire CERFA.<\/span><\/p>\n<p><span style=\"font-size: small;\">En cas de d\u00e9m\u00e9nagement m\u00eame provisoire, n\u2019oubliez pas de faire modifier l&rsquo;adresse sur le certificat d&rsquo;immatriculation dans le d\u00e9lai d&rsquo;un mois. \u00c0 d\u00e9faut, si vous \u00eates contr\u00f4l\u00e9 par les forces de l&rsquo;ordre, vous devrez payer une amende correspondant \u00e0 une contravention de 4\u00e8me classe soit 90 \u20ac (voir 375 \u20ac pour l\u2019amende forfaitaire major\u00e9e).<\/span><\/p>\n<p><span style=\"font-size: small;\">Vous ne pourrez pas vendre votre v\u00e9hicule si des amendes sont en attente de paiement et si le changement d&rsquo;adresse n&rsquo;a pas \u00e9t\u00e9 r\u00e9alis\u00e9.<\/span><\/p>\n<p><span style=\"font-size: small;\">&nbsp;<strong>Contr\u00f4le m\u00e9dical cons\u00e9cutif \u00e0 une infraction<\/strong><\/span><\/p>\n<p><span style=\"font-size: small;\">&nbsp;En cas d&rsquo;invalidation de votre permis de conduire pour infraction au code de la route (invalidation pour perte totale de points, annulation ou suspension du permis), vous ne&nbsp;pouvez r\u00e9cup\u00e9rer votre permis de conduire que si vous vous soumettez \u00e0 un contr\u00f4le m\u00e9dical.<\/span><\/p>\n<p><span style=\"font-size: small;\">Vous devrez vous adresser \u00e0 un <a href=\"http:\/\/www.charente.gouv.fr\/content\/download\/14596\/91300\/file\/liste%20des%20m%C3%A9decins%20agr%C3%A9%C3%A9s.pdf\" target=\"_blank\" rel=\"noopener\">m\u00e9decin de ville agr\u00e9\u00e9<\/a>&nbsp;par le pr\u00e9fet ou \u00e0 la commission m\u00e9dicale d\u00e9partementale. Le m\u00e9decin que vous aurez choisi ne peut en aucun cas \u00eatre votre m\u00e9decin habituel. Le montant de l\u2019examen m\u00e9dical (24,40 \u20ac) n\u2019est pas pris en charge par la S\u00e9curit\u00e9 Sociale.<\/span><\/p>\n<p><span style=\"font-size: small;\">&nbsp;<strong>Pi\u00e8ces \u00e0 pr\u00e9senter&nbsp;au m\u00e9decin le jour de votre visite<\/strong><\/span><\/p>\n<p><span style=\"font-size: small;\">&nbsp;<\/span><\/p>\n<ul>\n<li><span style=\"font-size: small;\">une pi\u00e8ce d\u2019identit\u00e9 en cours de validit\u00e9<\/span><\/li>\n<li><span style=\"font-size: small;\">votre permis de conduire ou le dossier d\u2019inscription (r\u00e9f\u00e9rence 02) remis par votre auto-\u00e9cole si vous \u00eates candidat au permis de conduire<\/span><\/li>\n<li><span style=\"font-size: small;\">3 photos d\u2019identit\u00e9 r\u00e9centes conformes aux normes r\u00e9glementaires<\/span><\/li>\n<li><span style=\"font-size: small;\">vos lunettes si vous en portez<\/span><\/li>\n<li><span style=\"font-size: small;\">toute pi\u00e8ce m\u00e9dicale jug\u00e9e utile pour l\u2019examen sollicit\u00e9 (radio, ordonnance\u2026)<\/span><\/li>\n<li><span style=\"font-size: small;\">l\u2019imprim\u00e9&nbsp; <a href=\"http:\/\/chateauneufsurcharente.fr\/telechargements\/formulaires\/300-formulaire-auto-cerfa-14880-01-avis-medical-permis-conduire\" target=\"_blank\" rel=\"noopener\">CERFA 14880*01<\/a> : Permis de conduire-avis m\u00e9dical&nbsp;<\/span><\/li>\n<li><span style=\"font-size: small;\">une enveloppe timbr\u00e9e libell\u00e9e \u00e0 vos nom et adresse (pour retour de votre permis)<\/span><\/li>\n<\/ul>\n<p><span style=\"font-size: small;\">&nbsp;Nota&nbsp;: si le m\u00e9decin ne peut conclure d\u2019embl\u00e9e \u00e0 votre aptitude, il peut solliciter l\u2019avis d\u2019un m\u00e9decin sp\u00e9cialiste, voire demander \u00e0 ce que vous soyez examin\u00e9 par la commission m\u00e9dicale pr\u00e9fectorale qui statuera au regard de la r\u00e9glementation sur votre aptitude physique \u00e0 la conduite automobile. Il vous informera de ses constatations et vous expliquera les raisons qui motivent sa demande.<\/span><br \/>\n<span style=\"font-size: small;\"> ATTENTION : TOUT DOSSIER INCOMPLET SERA REFUS\u00c9<\/span><\/p>\n<p><span style=\"font-size: small;\">&nbsp;<strong>A consulter<\/strong><\/span><\/p>\n<p><span style=\"font-size: small;\"><a href=\"http:\/\/chateauneufsurcharente.fr\/telechargements\/archives-municipales\/mairie\/documents-informatifs\/80-mairie-doc-permis-eu\" target=\"_blank\" rel=\"noopener\">harmonisation des permis de conduire EU<\/a><\/span><\/p>\n<p><span style=\"font-size: small;\">&nbsp;<\/span><\/p>\n<p>&nbsp;<\/p>\n<p align=\"center\"><span style=\"font-size: large; color: #0000ff;\"><strong>D\u00e9claration de feux<\/strong><\/span><\/p>\n<p>&nbsp;<\/p>\n<p><span style=\"font-size: small;\">En raison de la dangerosit\u00e9 d&rsquo;un feu et des proportions qu\u2019il peut atteindre en un temps record et ce, malgr\u00e9 les pr\u00e9cautions que l\u2019on prend ou croit prendre, nous vous rappelons que dans le R\u00e8glement sanitaire d\u00e9partemental:<\/span><\/p>\n<p><span style=\"font-size: small; color: #ff0000;\"><strong>Le br\u00fblage des d\u00e9chets verts (tonte de pelouse, taille des arbres, haies, arbustes&#8230;) peut \u00eatre autoris\u00e9 selon la p\u00e9riode et sous conditions, et surtout apr\u00e8s d\u00e9claration et autorisation pr\u00e9alable du Maire.<\/strong><\/span><\/p>\n<p><span style=\"font-size: small; color: #ff0000;\"><strong>De plus, il est n\u00e9cessaire de consulter le serveur vocal 05.45.97.61.40, avant d&rsquo;allumer un feu, afin de connaitre si les conditions climatiques (risque incendie et\/ou pr\u00e9vision d&rsquo;un \u00e9pisode de pollution) de la journ\u00e9e permettent les feux de plein air.<\/strong><\/span><\/p>\n<p><span style=\"font-size: small;\">&nbsp;<\/span><\/p>\n<p align=\"center\"><span style=\"font-size: small;\">&nbsp;<\/span> <span style=\"color: #0000ff; font-size: large;\"><strong>Nuisances sonores<\/strong><\/span><\/p>\n<p>&nbsp;<span style=\"font-size: small;\"><strong>A consulter &nbsp;<\/strong> <a href=\"http:\/\/chateauneufsurcharente.fr\/telechargements\/archives-municipales\/mairie\/documents-informatifs\/84-mairie-doc-ap-bruit-1999\" target=\"_blank\" rel=\"noopener\">arr\u00eat\u00e9 pr\u00e9fectoral du 20 avril 1999 relatif aux bruits de voisinage<\/a> (art. 17 le plus demand\u00e9 en mairie)<\/span><\/p>\n<p><span style=\"font-size: small;\">&nbsp;<\/span><\/p>\n<p style=\"text-align: center;\"><span style=\"font-size: large; color: #0000ff;\"><strong>Formulaires li\u00e9s aux autorisations d&rsquo;urbanisme<\/strong><\/span><\/p>\n<p><span style=\"font-size: small; color: #0000ff;\">&nbsp;<strong>Certificat d\u2019urbanisme (C.U.)<\/strong><\/span><\/p>\n<p><span style=\"font-size: small;\">Il existe deux types de certificats d\u2019urbanisme&nbsp;:<\/span><\/p>\n<p><span style=\"font-size: small;\"><strong>Informatif&nbsp;:<\/strong> d\u00e9lai d\u2019instruction de 1 mois<\/span><\/p>\n<p><span style=\"font-size: small;\"><strong>Op\u00e9rationnel&nbsp;<\/strong>: d\u00e9lai d\u2019instruction de 2 mois<\/span><\/p>\n<p><span style=\"font-size: small;\">C&rsquo;est un acte administratif, \u00e9tabli par le maire, sur demande adress\u00e9e en mairie, qui informe si un terrain est constructible ou non au vu des r\u00e8gles d&rsquo;urbanisme, les servitudes d\u2019utilit\u00e9 publiques, le r\u00e9gime des taxes et participations d&rsquo;urbanisme applicables \u00e0 un terrain ainsi que l&rsquo;\u00e9tat des \u00e9quipements publics existants ou pr\u00e9vus (desserte par les r\u00e9seaux).<\/span><\/p>\n<p><span style=\"font-size: small;\">D\u00e9poser un formulaire en mairie: <a href=\"http:\/\/vosdroits.service-public.fr\/particuliers\/R1970.xhtml\">http:\/\/vosdroits.service-public.fr\/particuliers\/R1970.xhtml<\/a><\/span><\/p>\n<p><span style=\"font-size: small;\">&nbsp;<\/span><\/p>\n<p><span style=\"font-size: small; color: #0000ff;\"><strong>Cession de Commerces:&nbsp;<\/strong><\/span><\/p>\n<p><span style=\"font-size: small;\">Arr\u00eat\u00e9 du 29 f\u00e9vrier 2008 relatif \u00e0 la d\u00e9claration pr\u00e9alable \u00e0 la cession de fonds artisanaux, de fonds de commerce ou de baux commerciaux et modifiant le code de l&rsquo;urbanisme, publi\u00e9 au JORF n\u00b00077 du 1er avril 2008, page 5408, texte n\u00b0 2.<\/span><\/p>\n<p><span style=\"font-size: small;\">La d\u00e9claration pr\u00e9vue par les articles L. 214-1 et R. 214-4 doit \u00eatre \u00e9tablie conform\u00e9ment au formulaire enregistr\u00e9 par la direction g\u00e9n\u00e9rale de la modernisation de l&rsquo;Etat sous le num\u00e9ro CERFA 13644*01 <a href=\"http:\/\/www.issy.com\/sites\/default\/files\/UserFiles\/13644%282%29.pdf\">T\u00e9l\u00e9charger le CERFA<\/a>.<\/span><\/p>\n<p><span style=\"font-size: small; color: #0000ff;\"><strong>&nbsp;<\/strong><\/span><\/p>\n<p><span style=\"font-size: small; color: #0000ff;\"><strong>D\u00e9claration attestant l\u2019ach\u00e8vement et la conformit\u00e9 des travaux (D.A.A.C.T)<\/strong><\/span><\/p>\n<p><span style=\"font-size: small;\">A l&rsquo;ach\u00e8vement des travaux de construction ou d&rsquo;am\u00e9nagement, une d\u00e9claration attestant cet ach\u00e8vement et la conformit\u00e9 des travaux au permis d\u00e9livr\u00e9 ou \u00e0 la d\u00e9claration pr\u00e9alable est adress\u00e9e \u00e0 la mairie. L&rsquo;autorit\u00e9 comp\u00e9tente mentionn\u00e9e aux articles peut, dans un d\u00e9lai fix\u00e9 par d\u00e9cret en Conseil d&rsquo;Etat (3 mois port\u00e9 \u00e0 5 mois lorsqu&rsquo;un r\u00e9colement des travaux est obligatoire), proc\u00e9der \u00e0 un r\u00e9colement des travaux (c&rsquo;est-\u00e0-dire une v\u00e9rification sur place de conformit\u00e9 des travaux r\u00e9alis\u00e9s avec ceux autoris\u00e9s par le permis de construire, par la Ville et les pompiers (pour les logements collectifs, locaux d&rsquo;habitation ou recevant du public) &nbsp;et, lorsque ceux-ci ne sont pas conformes au permis d\u00e9livr\u00e9 ou \u00e0 la d\u00e9claration pr\u00e9alable, mettre en demeure le ma\u00eetre de l&rsquo;ouvrage de d\u00e9poser un dossier modificatif ou de mettre les travaux en conformit\u00e9.<\/span><\/p>\n<p><span style=\"font-size: small;\">Dans les cas pr\u00e9vus \u00e0 l&rsquo;article R. 111-19-27 du code de la construction et de l&rsquo;habitation, la d\u00e9claration d&rsquo;ach\u00e8vement est accompagn\u00e9e de l&rsquo;attestation que les travaux r\u00e9alis\u00e9s respectent les r\u00e8gles d&rsquo;accessibilit\u00e9 applicables mentionn\u00e9es \u00e0 cet article. Lorsqu&rsquo;elle estime que les travaux ne sont pas conformes \u00e0 l&rsquo;autorisation, l&rsquo;autorit\u00e9 comp\u00e9tente pour d\u00e9livrer le permis ou prendre la d\u00e9cision sur la d\u00e9claration pr\u00e9alable met en demeure, dans le d\u00e9lai pr\u00e9vu, le ma\u00eetre de l&rsquo;ouvrage de d\u00e9poser un dossier modificatif ou de mettre les travaux en conformit\u00e9 avec l&rsquo;autorisation accord\u00e9e. Lorsque aucune d\u00e9cision n&rsquo;est intervenue dans le d\u00e9lai pr\u00e9vu, une attestation certifiant que la conformit\u00e9 des travaux avec le permis ou la d\u00e9claration n&rsquo;a pas \u00e9t\u00e9 contest\u00e9e est d\u00e9livr\u00e9e sous quinzaine, par l&rsquo;autorit\u00e9 comp\u00e9tente, au b\u00e9n\u00e9ficiaire du permis ou \u00e0 ses ayants droit, sur simple requ\u00eate de ceux-ci.<\/span><\/p>\n<p><span style=\"font-size: small;\">(NB : la visite de conformit\u00e9 est diff\u00e9rente de celle de la Commission Communale de S\u00e9curit\u00e9, n\u00e9cessaire pour les \u00e9tablissements recevant du public).<\/span><\/p>\n<p><span style=\"font-size: small;\">D\u00e9poser un formulaire en mairie : <a href=\"http:\/\/vosdroits.service-public.fr\/particuliers\/R1978.xhtml\">http:\/\/vosdroits.service-public.fr\/particuliers\/R1978.xhtml<\/a><\/span><\/p>\n<p><span style=\"font-size: small;\"><strong>&nbsp;<\/strong><\/span><\/p>\n<p><span style=\"font-size: small; color: #0000ff;\"><strong>D\u00e9claration d\u2019ouverture de chantier (D.O.C.)<\/strong><\/span><\/p>\n<p><span style=\"font-size: small;\">Apr\u00e8s l\u2019obtention du permis de construire, le b\u00e9n\u00e9ficiaire d\u00e9marre le chantier : il doit alors d\u00e9poser une D.O.C. en Mairie, qui interrompt les d\u00e9lais de p\u00e9remption du permis de construire.<\/span><\/p>\n<p><span style=\"font-size: small;\">D\u00e9poser un formulaire en mairie : <a href=\"http:\/\/vosdroits.service-public.fr\/particuliers\/R1976.xhtml\">http:\/\/vosdroits.service-public.fr\/particuliers\/R1976.xhtml<\/a><\/span><br \/>\n<span style=\"font-size: small;\"> &nbsp;<\/span><\/p>\n<p><span style=\"font-size: small; color: #0000ff;\"><strong>D\u00e9claration pr\u00e9alable (D.P.)<\/strong><\/span><\/p>\n<p><span style=\"font-size: small;\">D\u00e9lai : 1 mois + 1 mois si un organisme ext\u00e9rieur doit \u00eatre consult\u00e9 (ex : B\u00e2timents de France). La d\u00e9claration pr\u00e9alable exempt\u00e9 de permis de construire est une formalit\u00e9 qui s&rsquo;impose aux travaux de faible importance r\u00e9alis\u00e9s sur ou dans un b\u00e2timent (surface construite inf\u00e9rieure \u00e0 40 m\u00b2, ravalement, murs de cl\u00f4tures, changement de destination sans travaux etc.), sorte de \u00ab\u00a0mini P.C.\u00a0\u00bb b\u00e9n\u00e9ficiant de d\u00e9lais d\u2019instruction plus courts.<\/span><\/p>\n<p><span style=\"font-size: small;\">Le r\u00e9gime de la division a \u00e9t\u00e9 modifi\u00e9 et le permis de lotir a \u00e9t\u00e9 remplac\u00e9 par la d\u00e9claration pr\u00e9alable et le permis d\u2019am\u00e9nager selon le cas. Une d\u00e9claration pr\u00e9alable est exig\u00e9e pour toutes divisions fonci\u00e8res non soumises \u00e0 permis d\u2019am\u00e9nager, c&rsquo;est-\u00e0-dire pour une division de terrains sans am\u00e9nagement de voirie et effectu\u00e9es en vue de l\u2019implantation de b\u00e2timents.&nbsp;&nbsp;Le terrain qui fait l\u2019objet d\u2019une division doit \u00eatre situ\u00e9 en zone constructible.<\/span><br \/>\n<span style=\"font-size: small;\"> Lorsqu\u2019un terrain est situ\u00e9 \u00e0 la fois dans une zone constructible et dans une zone inconstructible, il est toujours possible de d\u00e9poser un permis de construire sur la partie constructible du terrain. Dans cette perspective la situation du terrain n\u2019est pas un obstacle \u00e0 la division. Le permis \u00e0 venir ne pourra \u00eatre accord\u00e9 que sur la partie constructible du nouveau lot cr\u00e9e.<\/span><\/p>\n<p><span style=\"font-size: small;\">L&rsquo;int\u00e9ress\u00e9 doit d\u00e9clarer son projet&nbsp;au moyen de l&rsquo;un des formulaires suivants :<\/span><\/p>\n<p><span style=\"font-size: small;\"><a href=\"http:\/\/vosdroits.service-public.fr\/particuliers\/R1995.xhtml\">cerfa n\u00b013702*04<\/a>&nbsp;pour les&nbsp;demandes tenant \u00e0 la r\u00e9alisation de lotissements et autres divisions fonci\u00e8res non soumis \u00e0 permis d&rsquo;am\u00e9nager,<\/span><\/p>\n<p><span style=\"font-size: small;\"><a href=\"http:\/\/vosdroits.service-public.fr\/particuliers\/R2028.xhtml\">cerfa n\u00b013703*05<\/a>&nbsp;pour les&nbsp;demandes tenant \u00e0 la r\u00e9alisation de construction et travaux non soumis \u00e0 permis de construire portant sur une maison individuelle et\/ou ses annexes,<\/span><\/p>\n<p><span style=\"font-size: small;\"><a href=\"http:\/\/vosdroits.service-public.fr\/particuliers\/R11646.xhtml\">cerfa n\u00b013404*05<\/a>&nbsp;pour les&nbsp;demandes tenant \u00e0 la r\u00e9alisation de constructions, travaux, installations et am\u00e9nagements non soumis \u00e0 permis de construire comprenant ou non des d\u00e9molitions.<\/span><\/p>\n<p><span style=\"font-size: small;\">Le formulaire&nbsp;doit \u00eatre compl\u00e9t\u00e9 de pi\u00e8ces, dont la liste est limitativement \u00e9num\u00e9r\u00e9e sur la notice de d\u00e9claration pr\u00e9alable de travaux.<\/span><\/p>\n<p><span style=\"font-size: small;\">D\u00e9poser un formulaire en mairie : <a href=\"http:\/\/vosdroits.service-public.fr\/particuliers\/F17578.xhtml\" target=\"_blank\" rel=\"noopener\">http:\/\/vosdroits.service-public.fr\/particuliers\/F17578.xhtml<\/a><\/span><\/p>\n<p><span style=\"font-size: small;\">&nbsp;<\/span><\/p>\n<p><span style=\"font-size: small;\"><strong><span style=\"color: #0000ff;\">Permis de construire (P.C.)<\/span> <\/strong><\/span><\/p>\n<p><span style=\"font-size: small;\">C&rsquo;est l&rsquo;autorisation indispensable \u00e0 toute construction neuve, mais aussi \u00e0 toute extension, cr\u00e9ant au moins 40 m\u00b2 de surface (SHOB) ou \u00e0 tout changement de destination accompagn\u00e9 d\u2019une modification des structures porteuses ou de la fa\u00e7ade.&nbsp;<\/span><\/p>\n<p><span style=\"font-size: small;\">Le maire d\u00e9livre le PC s&rsquo;il est conforme au r\u00e8glement de la zone du P.L.U. o\u00f9 s&rsquo;inscrit le terrain d&rsquo;assiette de la construction apr\u00e8s avoir consult\u00e9, si le secteur est concern\u00e9, des services ext\u00e9rieurs comme : l&rsquo;Architecte des B\u00e2timents de France (si un Monument Historique se situe \u00e0 moins de 500 m), la voirie communale ou d\u00e9partementale, les concessionnaires de r\u00e9seaux&#8230;<\/span><\/p>\n<p><span style=\"font-size: small;\">D\u00e8s que le dossier est complet, le Maire a 2 mois pour d\u00e9livrer le P.C concernant une maison individuelle et 3 mois pour tout autre P.C. Dans les deux cas, le d\u00e9lai est port\u00e9 \u00e0 6 mois si le terrain concern\u00e9 par les travaux est situ\u00e9 dans un p\u00e9rim\u00e8tre de protection d\u2019un monument historique.<\/span><\/p>\n<p><span style=\"font-size: small;\">Les dossiers de &nbsp;P.C. d\u00e9livr\u00e9s sont consultables en mairie.<\/span><\/p>\n<p><span style=\"font-size: small;\">D\u00e9poser un formulaire en mairie :<\/span><\/p>\n<p><span style=\"font-size: small;\"><a href=\"http:\/\/vosdroits.service-public.fr\/particuliers\/R11637.xhtml\">cerfa n\u00b013406*05<\/a>&nbsp;lorsqu&rsquo;il s&rsquo;agit d&rsquo;une maison individuelle et\/ou ses annexes ou <a href=\"http:\/\/vosdroits.service-public.fr\/particuliers\/R11637.xhtml\">http:\/\/vosdroits.service-public.fr\/particuliers\/R11637.xhtml<\/a>;<\/span><\/p>\n<p><span style=\"font-size: small;\"><a href=\"http:\/\/vosdroits.service-public.fr\/particuliers\/R20835.xhtml\">cerfa n\u00b013409*05<\/a> pour les autres constructions (logement collectif, \u00e9tablissement recevant du public&#8230;) ou <a href=\"http:\/\/vosdroits.service-public.fr\/particuliers\/R20835.xhtml\">http:\/\/vosdroits.service-public.fr\/particuliers\/R20835.xhtml<\/a>;<\/span><\/p>\n<p><span style=\"font-size: small;\">La demande de permis de construire modificatif doit \u00eatre effectu\u00e9e au moyen du formulaire <a href=\"http:\/\/vosdroits.service-public.fr\/particuliers\/R21323.xhtml\">cerfa n\u00b013411*05<\/a>&nbsp;ou <a href=\"http:\/\/vosdroits.service-public.fr\/particuliers\/R21323.xhtml\">http:\/\/vosdroits.service-public.fr\/particuliers\/R21323.xhtml<\/a>.<\/span><\/p>\n<p><span style=\"font-size: small;\"><strong>Recours \u00e0 un architecte pour \u00e9tablir un projet de construction<\/strong><\/span><\/p>\n<p><span style=\"font-size: small;\">Le recours \u00e0 un architecte pour la r\u00e9alisation d&rsquo;un projet de construction n&rsquo;est obligatoire que dans le cas. ou une construction \u00e0 usage autre qu&rsquo;agricole (une maison par exemple) comporte une <a href=\"http:\/\/vosdroits.service-public.fr\/particuliers\/F20568.xhtml#R11405\"><em>surface de plancher<\/em><\/a>ou une <a href=\"http:\/\/vosdroits.service-public.fr\/particuliers\/F20568.xhtml#R15257\"><em>emprise au sol<\/em><\/a>de plus de 170 m\u00b2.<\/span><\/p>\n<p><span style=\"font-size: small;\"><strong>&nbsp;<\/strong><\/span><\/p>\n<p><span style=\"font-size: small; color: #0000ff;\"><strong>Permis de d\u00e9molir (P.D.)<\/strong><\/span><\/p>\n<p><span style=\"font-size: small;\">D\u00e9lais : 2 mois (droit commun), 3 mois si le terrain est situ\u00e9 dans un p\u00e9rim\u00e8tre de protection d\u2019un monument historique<\/span><br \/>\n<span style=\"font-size: small;\"> C&rsquo;est une autorisation administrative qui doit \u00eatre obtenue pr\u00e9alablement \u00e0 la d\u00e9molition partielle ou totale de tout b\u00e2timent. Suite \u00e0 une d\u00e9lib\u00e9ration du Conseil Municipal de la ville, le permis de d\u00e9molir est de vigueur sur tout le p\u00e9rim\u00e8tre de la commune.<\/span><\/p>\n<p><span style=\"font-size: small;\">D\u00e9poser un formulaire en mairie :<\/span><\/p>\n<p><span style=\"font-size: small;\"><a href=\"http:\/\/vosdroits.service-public.fr\/particuliers\/R1980.xhtml\">http:\/\/vosdroits.service-public.fr\/particuliers\/R1980.xhtml<\/a><\/span><\/p>\n<p><span style=\"font-size: small;\">&nbsp;<\/span><\/p>\n<p><span style=\"font-size: small; color: #0000ff;\"><strong>Permis d\u2019am\u00e9nager (P.A.)<\/strong><\/span><\/p>\n<p><span style=\"font-size: small;\">D\u00e8s lors qu\u2019il y a une division d\u2019un terrain comportant des am\u00e9nagements et \/ ou des parties communes, il s\u2019agit d\u2019un permis d\u2019am\u00e9nager. Un lotissement ne fait pas forc\u00e9ment l\u2019objet d\u2019un permis d\u2019am\u00e9nager, la division d\u2019un terrain doit s\u2019accompagner de la r\u00e9alisation de voies ou espaces communs ou encore \u00eatre situ\u00e9 dans un espace sauvegard\u00e9. Les parcs ou terrains de sports ou de loisirs font \u00e9galement l\u2019objet d\u2019un permis d\u2019am\u00e9nager.&nbsp;<\/span><\/p>\n<p><span style=\"font-size: small;\">D\u00e9poser un formulaire en mairie:<\/span><\/p>\n<p><span style=\"font-size: small;\"><a href=\"http:\/\/vosdroits.service-public.fr\/particuliers\/R21378.xhtml\">http:\/\/vosdroits.service-public.fr\/particuliers\/R21378.xhtml<\/a><\/span><\/p>\n<p><span style=\"font-size: small;\">&nbsp;<\/span><\/p>\n<p><span style=\"color: #0000ff;\"><em><span style=\"font-size: small;\"><strong>Votre projet est-il soumis \u00e0 un permis de construire ou \u00e0 une d\u00e9claration&nbsp;?<\/strong><\/span><\/em><\/span><\/p>\n<p><span style=\"color: #0000ff;\"><em><span style=\"font-size: small;\">Vous devez conna\u00eetre l\u2019emprise au sol de votre projet de construction ou d\u2019extension pour d\u00e9terminer si vous devez solliciter un permis de construire ou d\u00e9poser une d\u00e9claration pr\u00e9alable et si vous \u00eates tenu de recourir \u00e0 un architecte.<\/span><\/em><\/span><\/p>\n<p><span style=\"color: #0000ff;\"><em><span style=\"font-size: small;\">L\u2019emprise au sol &nbsp;est la superficie r\u00e9sultant de la projection verticale du volume de la construction, tous d\u00e9bords et surplombs inclus (murs ext\u00e9rieurs, auvents, balcons&#8230;).<\/span><\/em><\/span><\/p>\n<p><span style=\"color: #0000ff;\"><em><span style=\"font-size: small;\">Votre projet est soumis \u00e0 un permis de construire d\u00e8s lors que son emprise au sol ou sa surface de plancher est sup\u00e9rieure \u00e0 20&nbsp;m\u00b2, except\u00e9e pour une extension d&rsquo;habitation situ\u00e9e en zone U du PLU si l&#8217;emprise au sol est comprise entre 0 et 40 <span style=\"color: #0000ff;\"><em><span style=\"font-size: small;\">m\u00b2<\/span><\/em><\/span> . <\/span><\/em><\/span><\/p>\n<p><span style=\"color: #0000ff;\"><em><span style=\"font-size: small;\">Si l\u2019emprise au sol ou la surface de plancher de la construction est comprise entre 5 m\u00b2 et 20 m\u00b2, vous aurez simplement \u00e0 d\u00e9poser une d\u00e9claration pr\u00e9alable.&nbsp;<br \/>\n<\/span><\/em><\/span><\/p>\n<p><span style=\"color: #0000ff;\"><em><span style=\"font-size: small;\">Vous n\u2019\u00eates pas oblig\u00e9 de recourir \u00e0 un architecte si votre projet n\u2019exc\u00e8de pas 170m\u00b2 d\u2019emprise au sol ou de surface de plancher. Pour tout projet d\u2019extension d\u2019une construction existante soumis \u00e0 permis de construire, le recours \u00e0 un architecte est obligatoire si cette extension a pour effet de porter l\u2019emprise au sol ou la surface de plancher de l\u2019ensemble apr\u00e8s travaux au-del\u00e0 de 170 m\u00b2.<\/span><\/em><\/span><\/p>\n<p><span style=\"font-size: small;\">&nbsp;<\/span><\/p>\n<p>&nbsp;<\/p>\n","protected":false},"excerpt":{"rendered":"<p>Mes d\u00e9marches administratives &nbsp; &nbsp;Pour toutes vos d\u00e9marches administratives, vous pouvez venir \u00e0 au secr\u00e9tariat de la Mairie, du lundi au vendredi de 8h30 \u00e0 12h30 et de 13h30 \u00e0 17h30. Une permanence des \u00e9lus est organis\u00e9e tous les 1er<\/p>\n","protected":false},"author":1,"featured_media":0,"parent":0,"menu_order":0,"comment_status":"closed","ping_status":"closed","template":"","meta":{"ngg_post_thumbnail":0,"footnotes":""},"class_list":["post-2506","page","type-page","status-publish","hentry"],"_links":{"self":[{"href":"https:\/\/www.coteauxdublanzacais.fr\/index.php?rest_route=\/wp\/v2\/pages\/2506","targetHints":{"allow":["GET"]}}],"collection":[{"href":"https:\/\/www.coteauxdublanzacais.fr\/index.php?rest_route=\/wp\/v2\/pages"}],"about":[{"href":"https:\/\/www.coteauxdublanzacais.fr\/index.php?rest_route=\/wp\/v2\/types\/page"}],"author":[{"embeddable":true,"href":"https:\/\/www.coteauxdublanzacais.fr\/index.php?rest_route=\/wp\/v2\/users\/1"}],"replies":[{"embeddable":true,"href":"https:\/\/www.coteauxdublanzacais.fr\/index.php?rest_route=%2Fwp%2Fv2%2Fcomments&post=2506"}],"version-history":[{"count":2,"href":"https:\/\/www.coteauxdublanzacais.fr\/index.php?rest_route=\/wp\/v2\/pages\/2506\/revisions"}],"predecessor-version":[{"id":3367,"href":"https:\/\/www.coteauxdublanzacais.fr\/index.php?rest_route=\/wp\/v2\/pages\/2506\/revisions\/3367"}],"wp:attachment":[{"href":"https:\/\/www.coteauxdublanzacais.fr\/index.php?rest_route=%2Fwp%2Fv2%2Fmedia&parent=2506"}],"curies":[{"name":"wp","href":"https:\/\/api.w.org\/{rel}","templated":true}]}}