{"id":2587,"date":"2017-08-11T12:45:10","date_gmt":"2017-08-11T11:45:10","guid":{"rendered":"http:\/\/www.coteauxdublanzacais.fr\/?page_id=2587"},"modified":"2018-06-27T13:29:27","modified_gmt":"2018-06-27T12:29:27","slug":"finance-budget","status":"publish","type":"page","link":"https:\/\/www.coteauxdublanzacais.fr\/?page_id=2587","title":{"rendered":"Finance Budget 2017"},"content":{"rendered":"<p style=\"text-align: center;\"><span style=\"font-family: Arial, Helvetica, sans-serif; font-size: 14pt;\"><strong><img loading=\"lazy\" decoding=\"async\" class=\"size-medium wp-image-2802 alignleft\" src=\"http:\/\/www.coteauxdublanzacais.fr\/wp-content\/uploads\/2017\/08\/BUDGET-300x159.jpg\" alt=\"\" width=\"300\" height=\"159\" srcset=\"https:\/\/www.coteauxdublanzacais.fr\/wp-content\/uploads\/2017\/08\/BUDGET-300x159.jpg 300w, https:\/\/www.coteauxdublanzacais.fr\/wp-content\/uploads\/2017\/08\/BUDGET.jpg 308w\" sizes=\"auto, (max-width: 300px) 100vw, 300px\" \/><span style=\"color: #0da843; font-size: 18pt;\">Budget Communal 2017<\/span><\/strong><\/span><\/p>\n<p><span style=\"font-family: Arial, Helvetica, sans-serif; font-size: 14pt;\">Le budget 2017 de la commune de Coteaux du Blanzacais, d\u2019un montant global de 1&nbsp;322&nbsp;481.50 \u20ac, a \u00e9t\u00e9 vot\u00e9 le 13 mars 2017 avec pour objectif le maintien d&rsquo;une politique d\u2019investissements dynamique malgr\u00e9 la baisse des dotations de l\u2019\u00c9tat. <\/span><span style=\"font-family: Arial, Helvetica, sans-serif; font-size: 14pt;\">Il comprend une section de fonctionnement qui s\u2019\u00e9l\u00e8ve \u00e0 778 900.00 \u20ac et une section d\u2019investissement \u00e0 543 581.50 \u20ac.<\/span><\/p>\n<p><span style=\"font-family: Arial, Helvetica, sans-serif; font-size: 14pt;\">La commune r\u00e9ussit \u00e0 maintenir une \u00e9pargne suffisante pour investir gr\u00e2ce \u00e0 la poursuite de la ma\u00eetrise des d\u00e9penses de fonctionnement. <\/span><span style=\"font-family: Arial, Helvetica, sans-serif; font-size: 14pt;\">Elles repr\u00e9sentent les d\u00e9penses courantes de la collectivit\u00e9 (masse salariale, entretien, fournitures, d\u00e9penses diverses relevant de la comp\u00e9tence communale, remboursement de la dette pour la partie \u00ab int\u00e9r\u00eats \u00bb). Ces d\u00e9penses sont en baisse de 16.10 % pour 2017 par rapport au budget 2016 cumul\u00e9 des Commune de Blanzac-Porcheresse et Cressac Saint Genis.<\/span><\/p>\n<p><span style=\"font-family: Arial, Helvetica, sans-serif; font-size: 14pt;\">Les d\u00e9penses d\u2019investissements pr\u00e9vues \u00e0 hauteur de 543 581.50 \u20ac sont destin\u00e9es aux d\u00e9penses d\u2019\u00e9quipement de la collectivit\u00e9, aux d\u00e9penses de travaux neufs, aux acquisitions mobili\u00e8res et immobili\u00e8res et au remboursement de la dette pour sa part \u00ab capital \u00bb.<\/span><\/p>\n<p>&nbsp;<\/p>\n<p style=\"text-align: center;\"><span style=\"font-family: Arial, Helvetica, sans-serif; font-size: 14pt; color: #0da843;\"><strong>R\u00e9partition du Budget Commune de Coteaux du Blanzacais Ann\u00e9e 2017<\/strong><\/span><\/p>\n<p><span style=\"font-family: Arial, Helvetica, sans-serif; font-size: 14pt;\"><strong>&nbsp;<img loading=\"lazy\" decoding=\"async\" class=\"alignnone wp-image-2880 aligncenter\" src=\"http:\/\/www.coteauxdublanzacais.fr\/wp-content\/uploads\/2017\/08\/d\u00e9penses-recettes-2017-300x85.png\" alt=\"\" width=\"709\" height=\"201\" srcset=\"https:\/\/www.coteauxdublanzacais.fr\/wp-content\/uploads\/2017\/08\/d\u00e9penses-recettes-2017-300x85.png 300w, https:\/\/www.coteauxdublanzacais.fr\/wp-content\/uploads\/2017\/08\/d\u00e9penses-recettes-2017-768x217.png 768w, https:\/\/www.coteauxdublanzacais.fr\/wp-content\/uploads\/2017\/08\/d\u00e9penses-recettes-2017-1024x289.png 1024w, https:\/\/www.coteauxdublanzacais.fr\/wp-content\/uploads\/2017\/08\/d\u00e9penses-recettes-2017-600x169.png 600w, https:\/\/www.coteauxdublanzacais.fr\/wp-content\/uploads\/2017\/08\/d\u00e9penses-recettes-2017.png 1841w\" sizes=\"auto, (max-width: 709px) 100vw, 709px\" \/><\/strong><\/span><\/p>\n<p style=\"text-align: center;\"><span style=\"font-family: Arial, Helvetica, sans-serif; font-size: 14pt;\"><strong>&nbsp;<\/strong><span style=\"color: #0da843;\"><strong>Concr\u00e8tement comment est r\u00e9parti notre budget pour 100 \u20ac<\/strong><\/span><\/span><\/p>\n<p><span style=\"font-family: Arial, Helvetica, sans-serif; font-size: 14pt;\"><strong>&nbsp;<img loading=\"lazy\" decoding=\"async\" class=\"alignnone wp-image-2883 aligncenter\" src=\"http:\/\/www.coteauxdublanzacais.fr\/wp-content\/uploads\/2017\/08\/billet-d\u00e9penses-recettes-2017-300x156.png\" alt=\"\" width=\"650\" height=\"338\" srcset=\"https:\/\/www.coteauxdublanzacais.fr\/wp-content\/uploads\/2017\/08\/billet-d\u00e9penses-recettes-2017-300x156.png 300w, https:\/\/www.coteauxdublanzacais.fr\/wp-content\/uploads\/2017\/08\/billet-d\u00e9penses-recettes-2017-768x398.png 768w, https:\/\/www.coteauxdublanzacais.fr\/wp-content\/uploads\/2017\/08\/billet-d\u00e9penses-recettes-2017-1024x531.png 1024w, https:\/\/www.coteauxdublanzacais.fr\/wp-content\/uploads\/2017\/08\/billet-d\u00e9penses-recettes-2017-600x311.png 600w, https:\/\/www.coteauxdublanzacais.fr\/wp-content\/uploads\/2017\/08\/billet-d\u00e9penses-recettes-2017.png 1841w\" sizes=\"auto, (max-width: 650px) 100vw, 650px\" \/><\/strong><\/span><\/p>\n<p><span style=\"font-family: Arial, Helvetica, sans-serif; font-size: 14pt;\"><strong>&nbsp;<\/strong><\/span><\/p>\n<p style=\"text-align: center;\"><span style=\"font-family: Arial, Helvetica, sans-serif; font-size: 14pt; color: #0da843;\"><strong>Zoom sur les principaux travaux d&rsquo;investissement 2017<\/strong><\/span><\/p>\n<p style=\"text-align: center;\"><img loading=\"lazy\" decoding=\"async\" class=\"alignnone wp-image-2886\" src=\"http:\/\/www.coteauxdublanzacais.fr\/wp-content\/uploads\/2017\/08\/Invest-300x49.png\" alt=\"\" width=\"790\" height=\"129\" srcset=\"https:\/\/www.coteauxdublanzacais.fr\/wp-content\/uploads\/2017\/08\/Invest-300x49.png 300w, https:\/\/www.coteauxdublanzacais.fr\/wp-content\/uploads\/2017\/08\/Invest-768x125.png 768w, https:\/\/www.coteauxdublanzacais.fr\/wp-content\/uploads\/2017\/08\/Invest-1024x166.png 1024w, https:\/\/www.coteauxdublanzacais.fr\/wp-content\/uploads\/2017\/08\/Invest-600x98.png 600w, https:\/\/www.coteauxdublanzacais.fr\/wp-content\/uploads\/2017\/08\/Invest.png 1526w\" sizes=\"auto, (max-width: 790px) 100vw, 790px\" \/><\/p>\n<p>&nbsp;<\/p>\n<p style=\"text-align: center;\"><span style=\"font-family: Arial, Helvetica, sans-serif; font-size: 14pt; color: #0da843;\"><strong>D\u00e9tail du programme de voirie 2017<\/strong><\/span><\/p>\n<p><span style=\"font-family: Arial, Helvetica, sans-serif; font-size: 14pt;\">Cette ann\u00e9e un budget de pr\u00e8s de 27 500.00 \u20ac en investissement sera consacr\u00e9 \u00e0 la r\u00e9fection de notre voirie. De plus, une somme de 6&nbsp;000.00 \u20ac sur le budget de fonctionnement est pr\u00e9vue pour la r\u00e9fection de certaines portions de trottoirs.<\/span><\/p>\n<p><img loading=\"lazy\" decoding=\"async\" class=\"wp-image-2891 aligncenter\" src=\"http:\/\/www.coteauxdublanzacais.fr\/wp-content\/uploads\/2017\/08\/voirie-300x130.png\" alt=\"\" width=\"515\" height=\"223\" srcset=\"https:\/\/www.coteauxdublanzacais.fr\/wp-content\/uploads\/2017\/08\/voirie-300x130.png 300w, https:\/\/www.coteauxdublanzacais.fr\/wp-content\/uploads\/2017\/08\/voirie-600x259.png 600w, https:\/\/www.coteauxdublanzacais.fr\/wp-content\/uploads\/2017\/08\/voirie-750x326.png 750w, https:\/\/www.coteauxdublanzacais.fr\/wp-content\/uploads\/2017\/08\/voirie.png 755w\" sizes=\"auto, (max-width: 515px) 100vw, 515px\" \/><\/p>\n<p>&nbsp;<\/p>\n<p><span style=\"font-family: Arial, Helvetica, sans-serif; font-size: 14pt;\"><strong>&nbsp;<\/strong><span style=\"color: #0da843;\"><strong>Les taxes locales<\/strong><\/span><\/span><\/p>\n<p><span style=\"font-family: Arial, Helvetica, sans-serif; font-size: 14pt;\">Le conseil municipal a d\u00e9cid\u00e9 en 2017 de ne pas voter d&rsquo;augmentation du taux des taxes locales pour Blanzac-Porcheresse comme pour Cressac-Saint-Genis. A partir du 01\/01\/2018, un m\u00e9canisme de lissage des taux, sur une dur\u00e9e de 12 ans maximum, sera mis en place par les services fiscaux pour les communes de Blanzac-Porcheresse et Cressac Saint Genis. Ce lissage est une convergence vers le taux cible (moyenne des taux actuels).<\/span><\/p>\n<p><span style=\"font-family: Arial, Helvetica, sans-serif; font-size: 14pt;\">Comprendre ses d\u00e9clarations, taxe fonci\u00e8re non b\u00e2tie, taxe fonci\u00e8re, taxe d\u2019habitation&#8230; Chacun le sait, les imp\u00f4ts sont indispensables pour financer des r\u00e9alisations d\u2019int\u00e9r\u00eat g\u00e9n\u00e9ral.<\/span><\/p>\n<p><span style=\"font-family: Arial, Helvetica, sans-serif; font-size: 14pt; color: #0da843;\"><strong>Taxe fonci\u00e8re non b\u00e2tie<\/strong><\/span><\/p>\n<p><span style=\"font-family: Arial, Helvetica, sans-serif; font-size: 14pt;\">Elle porte sur les terres et les terrains de toute nature et non recouverts de constructions. Elle ne repr\u00e9sente que 10 % du produit fiscal des 3 taxes. Un terrain en lotissement ne sera impos\u00e9 que s\u2019il est sup\u00e9rieur \u00e0 1000 m2.<\/span><\/p>\n<p><span style=\"font-family: Arial, Helvetica, sans-serif; font-size: 14pt; color: #0da843;\"><strong>Taxe fonci\u00e8re<\/strong><\/span><\/p>\n<p><span style=\"font-family: Arial, Helvetica, sans-serif; font-size: 14pt;\">Elle est \u00e9tablie pour les propri\u00e9taires des constructions au 1er janvier de l\u2019ann\u00e9e d\u2019imposition. La valeur locative des propri\u00e9t\u00e9s b\u00e9n\u00e9ficie d\u2019un abattement de 50 %. Cette d\u00e9duction est destin\u00e9e \u00e0 tenir compte des frais de gestion, d\u2019assurances, d\u2019amortissement, d\u2019entretien et de r\u00e9paration de la propri\u00e9t\u00e9 imposable. Pour cette taxe, les d\u00e9gr\u00e8vements sont limit\u00e9s aux personnes ayant un revenu minimum et\/ou aux personnes de plus de 75 ans. Pour une valeur locative de 3940\u20ac (pour une maison de 115 \u00e0 120 m\u00b2), on applique un abattement d\u2019office de 50% ce qui ram\u00e8ne la valeur locative de la taxe \u00e0 1970\u20ac.<\/span><\/p>\n<p><span style=\"font-family: Arial, Helvetica, sans-serif; font-size: 14pt; color: #0da843;\"><strong>Taxe d\u2019habitation<\/strong><\/span><\/p>\n<p><span style=\"font-family: Arial, Helvetica, sans-serif; font-size: 14pt;\">La taxe d\u2019habitation est \u00e9tablie annuellement au nom des personnes disposant d\u2019une habitation meubl\u00e9e, qu\u2019elles soient propri\u00e9taires ou locataires. La taxe d\u2019habitation est calcul\u00e9e \u00e0 partir de la valeur locative cadastrale des logements. Depuis 1981, elle est major\u00e9e forfaitairement chaque ann\u00e9e d\u2019un coefficient national d\u00e9cid\u00e9 par la Loi de Finances. Les contribuables peuvent b\u00e9n\u00e9ficier d\u2019abattements pour charges de famille et de d\u00e9gr\u00e8vements selon leur situation au regard de l\u2019imp\u00f4t sur le revenu.<\/span><\/p>\n<p>&nbsp;<\/p>\n<p><span style=\"font-family: Arial, Helvetica, sans-serif; font-size: 14pt;\">Taxes 2017 pour les habitants de la Commune d\u00e9l\u00e9gu\u00e9e de Blanzac-Porcheresse<\/span><\/p>\n<p><span style=\"font-family: Arial, Helvetica, sans-serif; font-size: 14pt;\">\n<table id=\"tablepress-35\" class=\"tablepress tablepress-id-35\">\n<tbody class=\"row-striping row-hover\">\n<tr class=\"row-1\">\n\t<td class=\"column-1\">Taxe<\/td><td class=\"column-2\">Base 2017<\/td><td class=\"column-3\">Taux 2017<\/td><td class=\"column-4\">Produit 2017<\/td>\n<\/tr>\n<tr class=\"row-2\">\n\t<td class=\"column-1\">Taxe d'habitation<\/td><td class=\"column-2\">887 000<\/td><td class=\"column-3\">8.88 %<\/td><td class=\"column-4\">78 766 \u20ac<\/td>\n<\/tr>\n<tr class=\"row-3\">\n\t<td class=\"column-1\">Taxe Fonci\u00e8re B\u00e2tie<\/td><td class=\"column-2\">676 800<\/td><td class=\"column-3\">17.80 %<\/td><td class=\"column-4\">120 470 \u20ac<\/td>\n<\/tr>\n<tr class=\"row-4\">\n\t<td class=\"column-1\">Taxe Fonci\u00e8re non b\u00e2tie<\/td><td class=\"column-2\">63 000<\/td><td class=\"column-3\">25.18 %<\/td><td class=\"column-4\">15 863 \u20ac<\/td>\n<\/tr>\n<\/tbody>\n<\/table>\n<!-- #tablepress-35 from cache --><\/span><\/p>\n<p><span style=\"font-family: Arial, Helvetica, sans-serif; font-size: 14pt;\">Taxes 2017 pour les habitants de la Commune d\u00e9l\u00e9gu\u00e9e de Cressac-Saint-Genis<\/span><\/p>\n<p><span style=\"font-family: Arial, Helvetica, sans-serif; font-size: 14pt;\">\n<table id=\"tablepress-36\" class=\"tablepress tablepress-id-36\">\n<tbody class=\"row-striping row-hover\">\n<tr class=\"row-1\">\n\t<td class=\"column-1\">Taxe<\/td><td class=\"column-2\">Base 2017<\/td><td class=\"column-3\">Taux 2017<\/td><td class=\"column-4\">Produit 2017<\/td>\n<\/tr>\n<tr class=\"row-2\">\n\t<td class=\"column-1\">Taxe d'habitation<\/td><td class=\"column-2\">154 600<\/td><td class=\"column-3\">6.51 %<\/td><td class=\"column-4\">10 064 \u20ac<\/td>\n<\/tr>\n<tr class=\"row-3\">\n\t<td class=\"column-1\">Taxe Fonci\u00e8re B\u00e2tie<\/td><td class=\"column-2\">101 400<\/td><td class=\"column-3\">15.09 %<\/td><td class=\"column-4\">15 301 \u20ac<\/td>\n<\/tr>\n<tr class=\"row-4\">\n\t<td class=\"column-1\">Taxe Fonci\u00e8re non b\u00e2tie<\/td><td class=\"column-2\">33 500<\/td><td class=\"column-3\">24.15 %<\/td><td class=\"column-4\">8 090 \u20ac<\/td>\n<\/tr>\n<\/tbody>\n<\/table>\n<!-- #tablepress-36 from cache --><\/span><\/p>\n<p>&nbsp;<\/p>\n<p style=\"text-align: center;\"><span style=\"font-family: Arial, Helvetica, sans-serif; font-size: 14pt; color: #0da843;\"><strong>Les Subventions aux associations<\/strong><\/span><\/p>\n<p><img loading=\"lazy\" decoding=\"async\" class=\"wp-image-2896 aligncenter\" src=\"http:\/\/www.coteauxdublanzacais.fr\/wp-content\/uploads\/2017\/08\/associations-subventions-216x300.png\" alt=\"\" width=\"575\" height=\"798\" srcset=\"https:\/\/www.coteauxdublanzacais.fr\/wp-content\/uploads\/2017\/08\/associations-subventions-216x300.png 216w, https:\/\/www.coteauxdublanzacais.fr\/wp-content\/uploads\/2017\/08\/associations-subventions-768x1065.png 768w, https:\/\/www.coteauxdublanzacais.fr\/wp-content\/uploads\/2017\/08\/associations-subventions-739x1024.png 739w, https:\/\/www.coteauxdublanzacais.fr\/wp-content\/uploads\/2017\/08\/associations-subventions-600x832.png 600w, https:\/\/www.coteauxdublanzacais.fr\/wp-content\/uploads\/2017\/08\/associations-subventions.png 1051w\" sizes=\"auto, (max-width: 575px) 100vw, 575px\" \/><\/p>\n<p>&nbsp;<\/p>\n<p>&nbsp;<\/p>\n<p>&nbsp;<\/p>\n","protected":false},"excerpt":{"rendered":"<p>Budget Communal 2017 Le budget 2017 de la commune de Coteaux du Blanzacais, d\u2019un montant global de 1&nbsp;322&nbsp;481.50 \u20ac, a \u00e9t\u00e9 vot\u00e9 le 13 mars 2017 avec pour objectif le maintien d&rsquo;une politique d\u2019investissements dynamique malgr\u00e9 la baisse des dotations<\/p>\n","protected":false},"author":1,"featured_media":0,"parent":0,"menu_order":0,"comment_status":"closed","ping_status":"closed","template":"","meta":{"ngg_post_thumbnail":0,"footnotes":""},"class_list":["post-2587","page","type-page","status-publish","hentry"],"_links":{"self":[{"href":"https:\/\/www.coteauxdublanzacais.fr\/index.php?rest_route=\/wp\/v2\/pages\/2587","targetHints":{"allow":["GET"]}}],"collection":[{"href":"https:\/\/www.coteauxdublanzacais.fr\/index.php?rest_route=\/wp\/v2\/pages"}],"about":[{"href":"https:\/\/www.coteauxdublanzacais.fr\/index.php?rest_route=\/wp\/v2\/types\/page"}],"author":[{"embeddable":true,"href":"https:\/\/www.coteauxdublanzacais.fr\/index.php?rest_route=\/wp\/v2\/users\/1"}],"replies":[{"embeddable":true,"href":"https:\/\/www.coteauxdublanzacais.fr\/index.php?rest_route=%2Fwp%2Fv2%2Fcomments&post=2587"}],"version-history":[{"count":59,"href":"https:\/\/www.coteauxdublanzacais.fr\/index.php?rest_route=\/wp\/v2\/pages\/2587\/revisions"}],"predecessor-version":[{"id":5755,"href":"https:\/\/www.coteauxdublanzacais.fr\/index.php?rest_route=\/wp\/v2\/pages\/2587\/revisions\/5755"}],"wp:attachment":[{"href":"https:\/\/www.coteauxdublanzacais.fr\/index.php?rest_route=%2Fwp%2Fv2%2Fmedia&parent=2587"}],"curies":[{"name":"wp","href":"https:\/\/api.w.org\/{rel}","templated":true}]}}