{"id":2647,"date":"2017-08-11T13:16:08","date_gmt":"2017-08-11T12:16:08","guid":{"rendered":"http:\/\/www.coteauxdublanzacais.fr\/?page_id=2647"},"modified":"2023-07-12T08:11:08","modified_gmt":"2023-07-12T07:11:08","slug":"travaux","status":"publish","type":"page","link":"https:\/\/www.coteauxdublanzacais.fr\/?page_id=2647","title":{"rendered":"Travaux"},"content":{"rendered":"<h5><span style=\"color: #0da843;\"><strong>Am\u00e9nagements de la \u00ab Route de Brossac \u00bb<img loading=\"lazy\" decoding=\"async\" class=\" wp-image-10423 alignright\" src=\"https:\/\/www.coteauxdublanzacais.fr\/wp-content\/uploads\/2023\/07\/1-300x229.png\" alt=\"\" width=\"466\" height=\"356\" srcset=\"https:\/\/www.coteauxdublanzacais.fr\/wp-content\/uploads\/2023\/07\/1-300x229.png 300w, https:\/\/www.coteauxdublanzacais.fr\/wp-content\/uploads\/2023\/07\/1-1024x783.png 1024w, https:\/\/www.coteauxdublanzacais.fr\/wp-content\/uploads\/2023\/07\/1-768x587.png 768w, https:\/\/www.coteauxdublanzacais.fr\/wp-content\/uploads\/2023\/07\/1-600x459.png 600w, https:\/\/www.coteauxdublanzacais.fr\/wp-content\/uploads\/2023\/07\/1.png 1039w\" sizes=\"auto, (max-width: 466px) 100vw, 466px\" \/><\/strong><\/span><\/h5>\n<p><strong>&nbsp;<\/strong>Le D\u00e9partement de la Charente projette d\u2019effectuer prochainement (2023-2024), la r\u00e9fection de la couche de roulement sur la RD 7 \u00ab Route de Brossac \u00bb du carrefour de la \u00ab&nbsp;Rue des Templiers&nbsp;\u00bb jusqu\u2019au panneau de sortie de l&rsquo;agglom\u00e9ration.<\/p>\n<p>La Commune avait d\u00e9cid\u00e9 de demander au Syndicat d\u2019Eau Potable du Sud Charente de r\u00e9aliser au pr\u00e9alable, le renouvellement du r\u00e9seau d\u2019eau potable sur cette voie&nbsp;; ces travaux ont \u00e9t\u00e9 r\u00e9alis\u00e9s au dernier trimestre 2022.<\/p>\n<p><strong>&nbsp;<\/strong>De surcro\u00eet, afin de permettre au Conseil D\u00e9partemental de pouvoir r\u00e9aliser ses travaux, la Commune doit refaire les bordures-caniveaux.<\/p>\n<p>Lors du rendez-vous avec le Conseil D\u00e9partemental pour connaitre le cahier des charges des bordures-caniveaux que nous devons r\u00e9aliser, celui-ci nous propose de profiter de ces travaux pour r\u00e9aliser un cheminement doux \u00ab&nbsp;piste cyclable&nbsp;\u00bb de la Route de la Gare jusqu\u2019\u00e0 l\u2019entr\u00e9e du coll\u00e8ge qui sera subventionn\u00e9e par les amendes de police \u00e0 hauteur de 20&nbsp;000 \u20ac.<\/p>\n<p>La Commune d\u00e9cide de r\u00e9aliser l\u2019ensemble des travaux pendant la p\u00e9riode estivale 2024, permettant ainsi au Conseil D\u00e9partemental de r\u00e9aliser le tapis d\u2019enrob\u00e9 cet automne.<\/p>\n\n<h5><span style=\"color: #0da843;\"><strong><img loading=\"lazy\" decoding=\"async\" class=\"size-medium wp-image-10419 alignleft\" src=\"https:\/\/www.coteauxdublanzacais.fr\/wp-content\/uploads\/2023\/07\/1-1-300x229.jpg\" alt=\"\" width=\"300\" height=\"229\" srcset=\"https:\/\/www.coteauxdublanzacais.fr\/wp-content\/uploads\/2023\/07\/1-1-300x229.jpg 300w, https:\/\/www.coteauxdublanzacais.fr\/wp-content\/uploads\/2023\/07\/1-1-768x586.jpg 768w, https:\/\/www.coteauxdublanzacais.fr\/wp-content\/uploads\/2023\/07\/1-1-600x457.jpg 600w, https:\/\/www.coteauxdublanzacais.fr\/wp-content\/uploads\/2023\/07\/1-1.jpg 922w\" sizes=\"auto, (max-width: 300px) 100vw, 300px\" \/>L\u2019\u00c9glise <span style=\"color: #0da843;\">Saint-Cybard<\/span><\/strong><\/span><\/h5>\n<p>L\u2019\u00c9glise Saint Cybard de Porcheresse, ancienne coll\u00e9giale, fut estim\u00e9e, de par son grand int\u00e9r\u00eat architectural, digne d\u2019\u00eatre class\u00e9e parmi les Monuments Historiques.<\/p>\n<p>Or, actuellement, cet \u00e9difice menace de s\u2019effondrer. Il est donc urgent de proc\u00e9der aux \u00e9tudes compl\u00e9mentaires et aux travaux de ventilation suite au diagnostic de l\u2019\u00e9difice.<\/p>\n<h5><strong><span style=\"color: #0da843;\">Deux Citernes souples d\u2019eau de pluie<\/span><img loading=\"lazy\" decoding=\"async\" class=\"size-medium wp-image-10414 alignright\" src=\"https:\/\/www.coteauxdublanzacais.fr\/wp-content\/uploads\/2023\/07\/5-300x95.png\" alt=\"\" width=\"300\" height=\"95\" srcset=\"https:\/\/www.coteauxdublanzacais.fr\/wp-content\/uploads\/2023\/07\/5-300x95.png 300w, https:\/\/www.coteauxdublanzacais.fr\/wp-content\/uploads\/2023\/07\/5-768x244.png 768w, https:\/\/www.coteauxdublanzacais.fr\/wp-content\/uploads\/2023\/07\/5-600x190.png 600w, https:\/\/www.coteauxdublanzacais.fr\/wp-content\/uploads\/2023\/07\/5.png 772w\" sizes=\"auto, (max-width: 300px) 100vw, 300px\" \/><\/strong><\/h5>\n<p><strong>&nbsp;<\/strong>L\u2019eau est pr\u00e9cieuse et chacun doit \u00e0 son niveau contribuer \u00e0 pr\u00e9server cette ressource naturelle ! C\u2019est pourquoi la commune a d\u00e9cid\u00e9 d\u2019installer deux grandes citernes souples capable de stocker jusqu\u2019\u00e0 40.000 litres d\u2019eau de pluie chacune. Cette r\u00e9serve permettra l\u2019\u00e9t\u00e9 venu d\u2019arroser les v\u00e9g\u00e9taux de la commune et notamment les jeunes plantations de l\u2019am\u00e9nagement du bourg.<\/p>\n<h5><strong><img loading=\"lazy\" decoding=\"async\" class=\"size-full wp-image-10410 alignleft\" src=\"https:\/\/www.coteauxdublanzacais.fr\/wp-content\/uploads\/2023\/07\/5.jpg\" alt=\"\" width=\"300\" height=\"226\"><span style=\"color: #0da843;\">Am\u00e9liorations \u00e9nerg\u00e9tiques des b\u00e2timents communaux<\/span><\/strong><\/h5>\n<p>La Commune continue ses travaux d\u2019isolation des b\u00e2timents communaux, apr\u00e8s les salles des archives, les locaux de l\u2019association ADMR et le bar de la salle des Vieux Chais en 2022.<\/p>\n<p>C\u2019est au tour des locaux de l\u2019ancien office du tourisme de faire \u00ab&nbsp;peau neuve&nbsp;\u00bb, toutes les menuiseries vont \u00eatre chang\u00e9es et une isolation des combles va \u00eatre r\u00e9alis\u00e9e. Ces travaux permettront de limiter la consommation d\u2019\u00e9nergie de ce b\u00e2timent et de pouvoir l\u2019utiliser dans de bonnes conditions thermiques et phoniques.<\/p>\n<h5>&nbsp;<\/h5>\n<h5><span style=\"color: #0da843;\"><strong>S\u00e9curisation du talus de l\u2019\u00e9cole \u00e9l\u00e9mentaire Jean Jardry<img loading=\"lazy\" decoding=\"async\" class=\"size-medium wp-image-10407 alignright\" src=\"https:\/\/www.coteauxdublanzacais.fr\/wp-content\/uploads\/2023\/07\/20230616_160158-300x300.jpg\" alt=\"\" width=\"300\" height=\"300\" srcset=\"https:\/\/www.coteauxdublanzacais.fr\/wp-content\/uploads\/2023\/07\/20230616_160158-300x300.jpg 300w, https:\/\/www.coteauxdublanzacais.fr\/wp-content\/uploads\/2023\/07\/20230616_160158-1024x1024.jpg 1024w, https:\/\/www.coteauxdublanzacais.fr\/wp-content\/uploads\/2023\/07\/20230616_160158-150x150.jpg 150w, https:\/\/www.coteauxdublanzacais.fr\/wp-content\/uploads\/2023\/07\/20230616_160158-768x768.jpg 768w, https:\/\/www.coteauxdublanzacais.fr\/wp-content\/uploads\/2023\/07\/20230616_160158-600x600.jpg 600w, https:\/\/www.coteauxdublanzacais.fr\/wp-content\/uploads\/2023\/07\/20230616_160158-1536x1536.jpg 1536w, https:\/\/www.coteauxdublanzacais.fr\/wp-content\/uploads\/2023\/07\/20230616_160158-2048x2048.jpg 2048w, https:\/\/www.coteauxdublanzacais.fr\/wp-content\/uploads\/2023\/07\/20230616_160158-270x270.jpg 270w, https:\/\/www.coteauxdublanzacais.fr\/wp-content\/uploads\/2023\/07\/20230616_160158-230x230.jpg 230w, https:\/\/www.coteauxdublanzacais.fr\/wp-content\/uploads\/2023\/07\/20230616_160158-1320x1320.jpg 1320w\" sizes=\"auto, (max-width: 300px) 100vw, 300px\" \/><\/strong><\/span><\/h5>\n<p>Suite \u00e0 la forte pluviom\u00e9trie de f\u00e9vrier 2021, le talus confortatif de la voie communale \u00ab&nbsp;Rampe du Ch\u00e2teau&nbsp;\u00bb s\u2019est effondr\u00e9. Le glissement du talus a eu lieu en contre-bas de la rue qui m\u00e8ne \u00e0 l&rsquo;\u00e9cole \u00e9l\u00e9mentaire et au SESSAD (Service d&rsquo;Education Sp\u00e9ciale et de Soins \u00e0 Domicile). En bas du talus se situent des habitations.<\/p>\n<p>Pour conforter le talus afin de s\u2019assurer de sa stabilit\u00e9 pour les v\u00e9hicules et les pi\u00e9tons qui l\u2019empruntent et pour prot\u00e9ger les maisons en contrebas, la cr\u00e9ation d\u2019un mur de sout\u00e8nement en blocs modulaires, le drainage et l\u2019\u00e9vacuation des eaux pluviales \u00e9taient indispensables.<\/p>\n<p><strong>&nbsp; <\/strong><\/p>\n<h5><strong><span style=\"color: #0da843;\">L\u2019am\u00e9nagement du bourg est termin\u00e9<\/span><\/strong><\/h5>\n<p>Les travaux d\u2019embellissement et de r\u00e9seaux sont termin\u00e9s, am\u00e9liorant le trafic et la s\u00e9curit\u00e9 dans le bourg. Ce projet, \u00e9labor\u00e9 il y a quatre ans, est aujourd\u2019hui \u00e0 son aboutissement.<\/p>\n<p><strong>Et d\u00e9j\u00e0, le bourg montre un nouveau visage.<\/strong><\/p>\n<p>Nous avons d\u2019abord assur\u00e9 la r\u00e9fection en sous-terrain d\u00e8s 2021 avec notamment l\u2019assainissement, l\u2019enfouissement des r\u00e9seaux \u00e9lectriques.<img loading=\"lazy\" decoding=\"async\" class=\"size-medium wp-image-10403 alignright\" src=\"https:\/\/www.coteauxdublanzacais.fr\/wp-content\/uploads\/2023\/07\/P-12-Amenagements-du-bourg-225x300.jpg\" alt=\"\" width=\"225\" height=\"300\" srcset=\"https:\/\/www.coteauxdublanzacais.fr\/wp-content\/uploads\/2023\/07\/P-12-Amenagements-du-bourg-225x300.jpg 225w, https:\/\/www.coteauxdublanzacais.fr\/wp-content\/uploads\/2023\/07\/P-12-Amenagements-du-bourg-600x800.jpg 600w, https:\/\/www.coteauxdublanzacais.fr\/wp-content\/uploads\/2023\/07\/P-12-Amenagements-du-bourg.jpg 720w\" sizes=\"auto, (max-width: 225px) 100vw, 225px\" \/><\/p>\n<p>En surface, les travaux ont d\u00e9marr\u00e9 en mars 2022 pour une livraison en avril 2023. L\u2019entreprise SCOTPA a r\u00e9alis\u00e9 les travaux de terrassement, la voirie, les trottoirs et l\u2019installation des panneaux de police et l\u2019entreprise Mon jardin en Charente a pris en charge l\u2019am\u00e9nagement paysager et le mobilier urbain.<\/p>\n<p>Les rues Roger Vincent, Place Saint Arth\u00e9my, Marcel Meilhaud et Route de Villebois (du Rond-point du Cr\u00e9dit Agricole au parking \u00ab&nbsp;Art Pat Gel&nbsp;\u00bb) ont \u00e9t\u00e9 r\u00e9habilit\u00e9es.<\/p>\n<p>On peut distinguer deux types de travaux. Dans les zones 1, 4 et 5, l\u2019ensemble de l\u2019espace public est r\u00e9am\u00e9nag\u00e9 (pose de bordures, r\u00e9alisation de nouveaux rev\u00eatements de trottoirs et de chauss\u00e9e, v\u00e9g\u00e9talisation).<\/p>\n<p>Dans les zones 3 et 4, le profil de la voie est revu pour la remonter au niveau des trottoirs et r\u00e9aliser un caniveau central, de mani\u00e8re \u00e0 d\u00e9velopper un aspect plus pi\u00e9ton. Dans ces zones, seul le rev\u00eatement de chauss\u00e9e sera compl\u00e8tement repris, les trottoirs \u00e9tant ponctuellement r\u00e9am\u00e9nag\u00e9s.<\/p>\n<p><img loading=\"lazy\" decoding=\"async\" class=\"size-medium wp-image-10404 alignleft\" src=\"https:\/\/www.coteauxdublanzacais.fr\/wp-content\/uploads\/2023\/07\/P-13-zone-amenagement-du-bourg-300x177.jpg\" alt=\"\" width=\"300\" height=\"177\" srcset=\"https:\/\/www.coteauxdublanzacais.fr\/wp-content\/uploads\/2023\/07\/P-13-zone-amenagement-du-bourg-300x177.jpg 300w, https:\/\/www.coteauxdublanzacais.fr\/wp-content\/uploads\/2023\/07\/P-13-zone-amenagement-du-bourg-600x354.jpg 600w, https:\/\/www.coteauxdublanzacais.fr\/wp-content\/uploads\/2023\/07\/P-13-zone-amenagement-du-bourg.jpg 653w\" sizes=\"auto, (max-width: 300px) 100vw, 300px\" \/>L\u2019axe est ainsi trait\u00e9 suivant un seul plan avec un espace partag\u00e9 entre les voitures et les pi\u00e9tons.<\/p>\n<p>Cet am\u00e9nagement en partage est confort\u00e9 avec la mise en place d\u2019une zone 20. Cette disposition permettra ainsi de limiter les stationnements sur trottoir.<\/p>\n<p>La Mairie, le Cin\u00e9ma \u00ab&nbsp;le Select&nbsp;\u00bb, la placette de l\u2019office de tourisme et celle en face la pharmacie ont \u00e9t\u00e9 valoris\u00e9s par une v\u00e9g\u00e9talisation.<\/p>\n<p>La placette \u00e0 l\u2019intersection de la Rue Bigaud et Roger Vincent (en face de la pharmacie), fait l\u2019objet d\u2019une r\u00e9habilitation avec une revalorisation des carr\u00e9s potagers existants (plantes aromatiques, vivaces\u2026).<\/p>\n<p>De mani\u00e8re g\u00e9n\u00e9rale, le parti pris v\u00e9g\u00e9tal pour l\u2019am\u00e9nagement du nouveau centre-bourg se veut simple dans son entretien (peu d\u2019esp\u00e8ce, rusticit\u00e9 et facilit\u00e9 d\u2019entretien) tout en proposant une floraison rythmant la saison estivale et des zones plant\u00e9es favoris\u00e9es au maximum.<\/p>\n<p>&nbsp;<\/p>\n<p><span style=\"font-family: Arial, Helvetica, sans-serif; font-size: 14pt; color: #0da843;\"><strong>R\u00e9habilitation d&rsquo;un 2<sup>\u00e8me<\/sup> terrain de tennis<img loading=\"lazy\" decoding=\"async\" class=\"wp-image-7822 alignright\" src=\"https:\/\/www.coteauxdublanzacais.fr\/wp-content\/uploads\/2020\/09\/Echo-des-Coteaux-N\u00b04_Image_33.bmp\" alt=\"\" width=\"247\" height=\"184\"><\/strong><\/span><\/p>\n<p><span style=\"font-family: Arial, Helvetica, sans-serif; font-size: 14pt; color: #000000;\">Apr\u00e8s la r\u00e9habilitation d\u2019un terrain de tennis au stade en 2018, <\/span><span style=\"font-family: Arial, Helvetica, sans-serif; font-size: 14pt; color: #000000;\">nous avons en d\u00e9but d\u2019ann\u00e9e 2020 r\u00e9habilit\u00e9 compl\u00e8tement<\/span><span style=\"font-family: Arial, Helvetica, sans-serif; font-size: 14pt; color: #000000;\"> un deuxi\u00e8me terrain de tennis entre le Coll\u00e8ge et le Gymnase. I<\/span><span style=\"font-family: Arial, Helvetica, sans-serif; font-size: 14pt; color: #000000;\">l est conforme aux exigences de la f\u00e9d\u00e9ration fran\u00e7aise de tennis<\/span><span style=\"font-family: Arial, Helvetica, sans-serif; font-size: 14pt; color: #000000;\"> et accessible aux personnes \u00e0 mobilit\u00e9 r\u00e9duite<\/span><\/p>\n<p>&nbsp;<\/p>\n<p><span style=\"font-family: Arial, Helvetica, sans-serif; font-size: 14pt; color: #0da843;\"><strong>Am\u00e9nagement d\u2019un quai pour les bus du Coll\u00e8ge<\/strong><\/span><\/p>\n<p><span style=\"font-family: Arial, Helvetica, sans-serif; font-size: 14pt;\"><img loading=\"lazy\" decoding=\"async\" class=\"wp-image-7823 alignleft\" src=\"https:\/\/www.coteauxdublanzacais.fr\/wp-content\/uploads\/2020\/09\/Echo-des-Coteaux-N\u00b04_Image_34.bmp\" alt=\"\" width=\"238\" height=\"168\">La commune a s\u00e9curis\u00e9 les abords du coll\u00e8ge en agrandissant le quai de stationnement des bus de transport des coll\u00e9giens et en installant des ralentisseurs sur les voiries desservant le coll\u00e8ge.<img loading=\"lazy\" decoding=\"async\" class=\" wp-image-7824 alignright\" src=\"https:\/\/www.coteauxdublanzacais.fr\/wp-content\/uploads\/2020\/09\/Echo-des-Coteaux-N\u00b04_Image_35.bmp\" alt=\"\" width=\"227\" height=\"228\"><\/span><\/p>\n<p><span style=\"font-family: Arial, Helvetica, sans-serif; font-size: 14pt;\">En effet matin et soir les bus scolaires du coll\u00e8ge stationnaient le long de la Route de Brossac en d\u00e9passant sur la chauss\u00e9e, ceci \u00e9tant dangereux pour les \u00e9l\u00e8ves, les pi\u00e9tons, les cyclistes et les automobilistes.<\/span><\/p>\n<p>&nbsp;<\/p>\n\n\n<div class=\"wp-block-group is-layout-flow wp-block-group-is-layout-flow\">\n<p>&nbsp;<\/p>\n<p><span style=\"font-family: Arial, Helvetica, sans-serif; font-size: 14pt; color: #0da843;\"><strong>Renouvellement du poste de refoulement au stade<\/strong><\/span><\/p>\n<p><span style=\"font-size: 14pt; font-family: Arial, Helvetica, sans-serif;\"><img loading=\"lazy\" decoding=\"async\" class=\"wp-image-7825 alignleft\" src=\"https:\/\/www.coteauxdublanzacais.fr\/wp-content\/uploads\/2020\/09\/Echo-des-Coteaux-N\u00b04_Image_37.bmp\" alt=\"\" width=\"312\" height=\"210\">Apr\u00e8s la station d\u2019\u00e9puration en 2016, la Mairie de Coteaux du Blanzacais poursuit ses investissements afin de garantir une qualit\u00e9 de traitement de ses eaux us\u00e9es. <\/span><span style=\"font-size: 14pt; font-family: Arial, Helvetica, sans-serif;\">Le poste de refoulement des eaux us\u00e9es rue des templiers qui a \u00e9t\u00e9 construit en 1977 n\u00e9cessitait d\u2019\u00eatre renouvel\u00e9. <\/span><span style=\"font-size: 14pt; font-family: Arial, Helvetica, sans-serif;\">Apr\u00e8s consultation des entreprises, la Mairie a retenu la SAUR pour un montant de travaux de 39 968,82 \u20ac HT et pour une dur\u00e9e de 1 mois. <\/span><span style=\"font-size: 14pt; font-family: Arial, Helvetica, sans-serif;\">Un nouveau poste en b\u00e9ton enterr\u00e9 ainsi que de nouveaux \u00e9quipements \u00e9lectriques et de pompage ont \u00e9t\u00e9 mis en place. <\/span><span style=\"font-size: 14pt; font-family: Arial, Helvetica, sans-serif;\">Les travaux se sont termin\u00e9s fin d\u2019ann\u00e9e 2019 sous la ma\u00eetrise d\u2019\u0153uvre d\u2019Hydraulique Environnement d\u2019Angoul\u00eame.<\/span><\/p>\n<p>&nbsp;<\/p>\n<p><span style=\"color: #0da843; font-size: 14pt; font-family: Arial, Helvetica, sans-serif;\"><strong>Acquisition d\u2019un nouvel \u00e9quipement de jeux<\/strong><\/span><\/p>\n<p><span style=\"font-size: 14pt; font-family: Arial, Helvetica, sans-serif;\">La commune a d\u00e9cid\u00e9 d\u2019ajouter sur l\u2019aire de jeux municipale un espace ludique pour les enfants.<img loading=\"lazy\" decoding=\"async\" class=\"wp-image-7826 alignright\" src=\"https:\/\/www.coteauxdublanzacais.fr\/wp-content\/uploads\/2020\/09\/Echo-des-Coteaux-N\u00b04_Image_39.bmp\" alt=\"\" width=\"239\" height=\"146\"><\/span><\/p>\n<p><span style=\"font-size: 14pt; font-family: Arial, Helvetica, sans-serif;\"><img loading=\"lazy\" decoding=\"async\" class=\"wp-image-7827 alignleft\" src=\"https:\/\/www.coteauxdublanzacais.fr\/wp-content\/uploads\/2020\/09\/Echo-des-Coteaux-N\u00b04_Image_40.bmp\" alt=\"\" width=\"188\" height=\"132\">Cet \u00e9quipement a\u00e9rien en 3 dimensions est compos\u00e9 de jeux instables, de grimpe et d&rsquo;\u00e9quilibre \u00e0 plusieurs niveaux de difficult\u00e9s, permettant aux enfants d&rsquo;\u00e9voluer et d\u00e9velopper progressivement leur agilit\u00e9, \u00e9quilibre et t\u00e9m\u00e9rit\u00e9. <\/span><\/p>\n<p><span style=\"font-size: 14pt; font-family: Arial, Helvetica, sans-serif;\">Les alpinistes en herbe et les autres acrobates y trouveront leur bonheur.<\/span><\/p>\n<p>&nbsp;<\/p>\n<p><span style=\"color: #0da843; font-size: 14pt; font-family: Arial, Helvetica, sans-serif;\"><strong>Trava<\/strong><strong>ux de mise en accessibilit\u00e9<\/strong><\/span><\/p>\n<p><span style=\"font-size: 14pt; font-family: Arial, Helvetica, sans-serif;\">Afin de poursuivre les travaux de mise en accessibilit\u00e9 des b\u00e2timents communaux, des am\u00e9nagements ont \u00e9t\u00e9 r\u00e9alis\u00e9s sur la parvis de l\u2019\u00e9glise <img loading=\"lazy\" decoding=\"async\" class=\"wp-image-7828 alignright\" src=\"https:\/\/www.coteauxdublanzacais.fr\/wp-content\/uploads\/2020\/09\/Echo-des-Coteaux-N\u00b04_Image_42.bmp\" alt=\"\" width=\"237\" height=\"184\">Saint-Arth\u00e9my et de la Poste. <\/span><span style=\"font-size: 14pt; font-family: Arial, Helvetica, sans-serif;\">Deux places de stationnements accessibles ont \u00e9t\u00e9 r\u00e9alis\u00e9es aux abords de l\u2019\u00e9glise et les bordures du parvis ont \u00e9t\u00e9 rabaiss\u00e9es.<img loading=\"lazy\" decoding=\"async\" class=\"wp-image-7829 alignleft\" src=\"https:\/\/www.coteauxdublanzacais.fr\/wp-content\/uploads\/2020\/09\/Echo-des-Coteaux-N\u00b04_Image_44.bmp\" alt=\"\" width=\"219\" height=\"176\"><\/span><\/p>\n<p><span style=\"font-size: 14pt; font-family: Arial, Helvetica, sans-serif;\">La rampe d\u2019acc\u00e8s de la poste a \u00e9t\u00e9 enti\u00e8rement r\u00e9habilit\u00e9e et le cheminement ext\u00e9rieur a \u00e9t\u00e9 \u00e9largi afin de s\u00e9curiser les pi\u00e9tons et de r\u00e9pondre aux normes actuelles.<\/span><\/p>\n<p>&nbsp;<\/p>\n<p><span style=\"color: #0da843; font-size: 14pt;\"><strong><span style=\"font-family: Arial,Helvetica,sans-serif;\">La nouvelle station de traitement des eaux us\u00e9es<\/span><\/strong><\/span><\/p>\n<p><span style=\"font-family: Arial,Helvetica,sans-serif; font-size: 14pt;\">Les travaux de construction de la nouvelle station de traitement des eaux us\u00e9es qui ont d\u00e9but\u00e9 le 4 novembre 2015 sont pratiquement termin\u00e9s. La mise en service de la station a \u00e9t\u00e9 effectu\u00e9e le 1er mars 2017 et les roseaux plant\u00e9s dans les filtres d\u00e9but mai commencent \u00e0 pousser.<img loading=\"lazy\" decoding=\"async\" class=\"size-medium wp-image-3320 alignright\" src=\"http:\/\/www.coteauxdublanzacais.fr\/wp-content\/uploads\/2017\/08\/station-300x225.jpg\" alt=\"\" width=\"300\" height=\"225\" srcset=\"https:\/\/www.coteauxdublanzacais.fr\/wp-content\/uploads\/2017\/08\/station-300x225.jpg 300w, https:\/\/www.coteauxdublanzacais.fr\/wp-content\/uploads\/2017\/08\/station-768x576.jpg 768w, https:\/\/www.coteauxdublanzacais.fr\/wp-content\/uploads\/2017\/08\/station.jpg 1024w, https:\/\/www.coteauxdublanzacais.fr\/wp-content\/uploads\/2017\/08\/station-600x450.jpg 600w\" sizes=\"auto, (max-width: 300px) 100vw, 300px\" \/><\/span><br><span style=\"font-family: Arial,Helvetica,sans-serif; font-size: 14pt;\"> Cette nouvelle station d\u2019\u00e9puration par filtres plant\u00e9s de roseaux entre dans les stations \u00e0 fili\u00e8re biologique par a\u00e9robie car elle fait appel aux micro-organismes naturellement pr\u00e9sents dans le milieu naturel pour d\u00e9grader la pollution.<\/span><br><span style=\"font-family: Arial,Helvetica,sans-serif; font-size: 14pt;\"> Le dimensionnement de la station est en base de 1 000 \u00e9quivalents habitants (EH) avec la possibilit\u00e9 de l\u2019\u00e9tendre \u00e0 1 500 EH. <\/span><br><span style=\"font-family: Arial,Helvetica,sans-serif; font-size: 14pt;\"> Nous attendons l&rsquo;autorisation d&rsquo;\u00e9pandage des boues (afin de vidanger et nettoyer l&rsquo;ancienne station). Une fois le nettoyage achev\u00e9, nous pourrons finaliser le projet en proc\u00e9dant \u00e0 l&rsquo;am\u00e9nagement de la parcelle o\u00f9 se situe l&rsquo;ancienne station (dernier trimestre 2017).<\/span><\/p>\n<p>&nbsp;<\/p>\n<p><span style=\"color: #0da843; font-size: 14pt;\"><strong><span style=\"font-family: Arial,Helvetica,sans-serif;\">R\u00e9habilitation d&rsquo;un terrain de tennis<\/span><\/strong><\/span><\/p>\n<p><span style=\"font-family: Arial,Helvetica,sans-serif; font-size: 14pt;\">La Commune a d\u00e9cid\u00e9 de r\u00e9habiliter le terrain de tennis v\u00e9tuste \u00e0 c\u00f4t\u00e9 du Coll\u00e8ge. Ce nouveau terrain sera conforme aux normes de la f\u00e9d\u00e9ration fran\u00e7aise de tennis et accessible aux personnes \u00e0 mobilit\u00e9 r\u00e9duite.<\/span><br><span style=\"font-family: Arial,Helvetica,sans-serif; font-size: 14pt;\"> Le rev\u00eatement sera constitu\u00e9 d\u2019une structure en b\u00e9ton poreux alv\u00e9olaire, la finition sera assur\u00e9e par la projection d\u2019une <img loading=\"lazy\" decoding=\"async\" class=\"size-medium wp-image-3321 alignleft\" src=\"http:\/\/www.coteauxdublanzacais.fr\/wp-content\/uploads\/2017\/08\/tennis-300x122.jpg\" alt=\"\" width=\"300\" height=\"122\" srcset=\"https:\/\/www.coteauxdublanzacais.fr\/wp-content\/uploads\/2017\/08\/tennis-300x122.jpg 300w, https:\/\/www.coteauxdublanzacais.fr\/wp-content\/uploads\/2017\/08\/tennis.jpg 352w\" sizes=\"auto, (max-width: 300px) 100vw, 300px\" \/>r\u00e9sine de surface afin d&rsquo;assurer l&rsquo;esth\u00e9tique et l&rsquo;accroche du rev\u00eatement.<\/span><br><span style=\"font-family: Arial,Helvetica,sans-serif; font-size: 14pt;\"> Les qualit\u00e9s de ce rev\u00eatement sont la long\u00e9vit\u00e9, son entretien r\u00e9duit et une utilisation en toute saison. <\/span><\/p>\n<p><span style=\"font-family: Arial,Helvetica,sans-serif; font-size: 14pt;\">&nbsp;<\/span><\/p>\n<p>&nbsp;<\/p>\n<p><span style=\"color: #0da843; font-family: Arial,Helvetica,sans-serif; font-size: 14pt;\"><strong>Cr\u00e9ation d&rsquo;un City Stade<\/strong><\/span><\/p>\n<p><span style=\"font-family: Arial,Helvetica,sans-serif; font-size: 14pt;\">La Commune a d\u00e9cid\u00e9 de transformer&nbsp;un terrain de tennis du stade en&nbsp;\u00ab\u00a0City Stade\u00a0\u00bb.<img loading=\"lazy\" decoding=\"async\" class=\"size-medium wp-image-3317 alignright\" src=\"http:\/\/www.coteauxdublanzacais.fr\/wp-content\/uploads\/2017\/08\/city-300x196.jpg\" alt=\"\" width=\"300\" height=\"196\" srcset=\"https:\/\/www.coteauxdublanzacais.fr\/wp-content\/uploads\/2017\/08\/city-300x196.jpg 300w, https:\/\/www.coteauxdublanzacais.fr\/wp-content\/uploads\/2017\/08\/city-768x502.jpg 768w, https:\/\/www.coteauxdublanzacais.fr\/wp-content\/uploads\/2017\/08\/city-1024x670.jpg 1024w, https:\/\/www.coteauxdublanzacais.fr\/wp-content\/uploads\/2017\/08\/city-600x392.jpg 600w, https:\/\/www.coteauxdublanzacais.fr\/wp-content\/uploads\/2017\/08\/city.jpg 1682w\" sizes=\"auto, (max-width: 300px) 100vw, 300px\" \/><\/span><br><span style=\"font-family: Arial,Helvetica,sans-serif; font-size: 14pt;\"> Le terme de City stade ou Terrain multi-sports d\u00e9signe un terrain de jeux de ballons ext\u00e9rieur cl\u00f4tur\u00e9, comprenant deux frontons dans lesquels des buts multi-sports sont int\u00e9gr\u00e9s.<\/span><br><span style=\"font-family: Arial,Helvetica,sans-serif; font-size: 14pt;\"> Nous avons opt\u00e9 pour une plateforme de 12&#215;24 m sur laquelle la pratique du football, handball, volley-ball, tennis, badminton et du basketball sera possible. <\/span><br><span style=\"font-family: Arial,Helvetica,sans-serif; font-size: 14pt;\"> Le City stade sera en acc\u00e8s libre et accessible aux personnes \u00e0 mobilit\u00e9 r\u00e9duite.<\/span><\/p>\n<p><span style=\"font-family: Arial,Helvetica,sans-serif; font-size: 14pt;\">&nbsp;<\/span><\/p>\n<p><span style=\"color: #0da843; font-family: Arial,Helvetica,sans-serif; font-size: 14pt;\"><strong>Travaux dans nos cimeti\u00e8res<\/strong><\/span><\/p>\n<p><span style=\"font-family: Arial,Helvetica,sans-serif; font-size: 14pt;\">La Commune de Coteaux du Blanzacais a termin\u00e9 sa d\u00e9marche de reprise de concessions dans ses cimeti\u00e8res. Cette d\u00e9marche n\u00e9cessite la cr\u00e9ation d\u2019un ossuaire communal afin de mener \u00e0 terme cette op\u00e9ration.<\/span><br><span style=\"font-family: Arial,Helvetica,sans-serif; font-size: 14pt;\"> De plus, afin d&rsquo;\u00e9viter d&rsquo;avoir un accident pendant un enterrement au cimeti\u00e8re de Cressac, la Commune de Coteaux du Blanzacais a d\u00e9cid\u00e9 d&rsquo;am\u00e9nager deux aires de stationnements, l&rsquo;un au-dessous du cimeti\u00e8re et l&rsquo;autre \u00e0 c\u00f4t\u00e9 du cimeti\u00e8re pour les personnes \u00e0 mobilit\u00e9 r\u00e9duite.<\/span><\/p>\n<p><span style=\"font-family: Arial,Helvetica,sans-serif; font-size: 14pt;\">&nbsp;<\/span><\/p>\n<p>&nbsp;<\/p>\n<p>&nbsp;<\/p>\n<p>&nbsp;<\/p>\n<p style=\"text-align: center;\">&nbsp;<\/p>\n<p>&nbsp;<\/p>\n<\/div>\n","protected":false},"excerpt":{"rendered":"<p>Am\u00e9nagements de la \u00ab Route de Brossac \u00bb &nbsp;Le D\u00e9partement de la Charente projette d\u2019effectuer prochainement (2023-2024), la r\u00e9fection de la couche de roulement sur la RD 7 \u00ab Route de Brossac \u00bb du carrefour de la \u00ab&nbsp;Rue des Templiers&nbsp;\u00bb<\/p>\n","protected":false},"author":1,"featured_media":0,"parent":0,"menu_order":0,"comment_status":"closed","ping_status":"closed","template":"","meta":{"ngg_post_thumbnail":0,"footnotes":""},"class_list":["post-2647","page","type-page","status-publish","hentry"],"_links":{"self":[{"href":"https:\/\/www.coteauxdublanzacais.fr\/index.php?rest_route=\/wp\/v2\/pages\/2647","targetHints":{"allow":["GET"]}}],"collection":[{"href":"https:\/\/www.coteauxdublanzacais.fr\/index.php?rest_route=\/wp\/v2\/pages"}],"about":[{"href":"https:\/\/www.coteauxdublanzacais.fr\/index.php?rest_route=\/wp\/v2\/types\/page"}],"author":[{"embeddable":true,"href":"https:\/\/www.coteauxdublanzacais.fr\/index.php?rest_route=\/wp\/v2\/users\/1"}],"replies":[{"embeddable":true,"href":"https:\/\/www.coteauxdublanzacais.fr\/index.php?rest_route=%2Fwp%2Fv2%2Fcomments&post=2647"}],"version-history":[{"count":56,"href":"https:\/\/www.coteauxdublanzacais.fr\/index.php?rest_route=\/wp\/v2\/pages\/2647\/revisions"}],"predecessor-version":[{"id":10424,"href":"https:\/\/www.coteauxdublanzacais.fr\/index.php?rest_route=\/wp\/v2\/pages\/2647\/revisions\/10424"}],"wp:attachment":[{"href":"https:\/\/www.coteauxdublanzacais.fr\/index.php?rest_route=%2Fwp%2Fv2%2Fmedia&parent=2647"}],"curies":[{"name":"wp","href":"https:\/\/api.w.org\/{rel}","templated":true}]}}